{"id":8271,"date":"2024-05-22T21:12:01","date_gmt":"2024-05-22T19:12:01","guid":{"rendered":"https:\/\/japan-in-baden-wuerttemberg.de\/djg2018\/?post_type=tribe_events&#038;p=8271"},"modified":"2024-05-22T21:12:50","modified_gmt":"2024-05-22T19:12:50","slug":"vortrag-reinigungsrituale-im-japanischen-neujahr","status":"publish","type":"tribe_events","link":"https:\/\/japan-in-baden-wuerttemberg.de\/djg2018\/event\/vortrag-reinigungsrituale-im-japanischen-neujahr\/","title":{"rendered":"Vortrag: Reinigungsrituale im japanischen Neujahr"},"content":{"rendered":"<p><strong>Vortrag zum Thema: Reinigungsrituale im japanischen Neujahr<\/strong><\/p>\n<p><strong>Referent:<\/strong> Dr. Ulrich Pauly<\/p>\n<p><strong>Wo?<\/strong><br \/>\nB\u00fcrgerzentrum Stuttgart-West, Sophie-Knosp-Raum, Bebelstr. 22, 70193 Stuttgart<\/p>\n<p><strong>Kosten?<br \/>\n<\/strong>Eintritt frei, um Spenden wird gebeten<\/p>\n<p><strong>Beschreibung<\/strong><br \/>\nDas wichtigste Glaubenselement der japanischen Volksreligion ist die Vorstellung von der Reinheit. Diese ist die unerl\u00e4ssliche Voraussetzung f\u00fcr den Kontakt der Menschen mit den Gottheiten. Der Mensch ger\u00e4t aber im Laufe der Zeit unweigerlich in einen Zustand der Unreinheit. Um den Zustand der kultischen Reinheit wieder herzustellen, f\u00fchrt man in Japan seit alters in den Neujahrstagen und vor anderen wichtigen Festen Unheil abwehrende Reinigungsrituale durch, bei denen Wasser, Feuer, Rauch, Salz oder auch Waffen zum Einsatz kommen.<\/p>\n<p>In seinem Dia-Vortrag zeigt uns Dr. Ulrich Pauly Beispiele neuj\u00e4hrlicher Reinigungsrituale in einem Fischerdorf an der Ise-Bucht, in einem Bauern- und Seidenweberdorf beim Biwa-See sowie in einem in den Bergen im Nordosten der Pr\u00e4fektur Shizuoka gelegenen Weiler von J\u00e4gern und Bergbauern und im reichen M\u014dtsuji-Tempel in Hiraizumi in Nordostjapan. An allen vier Festorten wird deutlich, wie eng Shint\u014d und Buddhismus auch 150 Jahre nach ihrer aus politischen Gr\u00fcnden erfolgten Trennung durch den Meiji-Staat, noch miteinander verbunden sind.<\/p>\n<p>Dr. Ulrich Pauly, Japanologe, ist ausgewiesener Japankenner, er hat sich seit 1971 insgesamt rund 20 Jahre in Japan aufgehalten. Von 1987 bis 2000 war er Wissenschaftlicher Referent der Deutschen Gesellschaft f\u00fcr Natur- und V\u00f6lkerkunde Ostasiens (OAG) in Tokyo. Sein besonderes Interesse gilt der Volkskunde, dem Volksglauben und der alten Geschichte Japans. Seine Vortr\u00e4ge und zahlreichen Publikationen sind mit ungew\u00f6hnlichem Bildmaterial angereichert, das aus seiner legend\u00e4ren Dia-Sammlung stammt.<\/p>\n","protected":false},"excerpt":{"rendered":"<p>Vortrag zum Thema: Reinigungsrituale im japanischen Neujahr Referent: Dr. Ulrich Pauly Wo? B\u00fcrgerzentrum Stuttgart-West, Sophie-Knosp-Raum, Bebelstr. 22, 70193 Stuttgart Kosten? Eintritt frei, um Spenden wird gebeten Beschreibung Das wichtigste Glaubenselement [&hellip;]<\/p>\n","protected":false},"author":1,"featured_media":8264,"template":"","meta":{"_et_pb_use_builder":"","_et_pb_old_content":"","_et_gb_content_width":"","_tribe_events_status":"","_tribe_events_status_reason":"","footnotes":""},"tags":[132,29],"tribe_events_cat":[21],"class_list":["post-8271","tribe_events","type-tribe_events","status-publish","has-post-thumbnail","hentry","tag-reinigungsrituale","tag-vortrag","tribe_events_cat-vortrag","cat_vortrag"],"yoast_head":"<!-- This site is optimized with the Yoast SEO plugin v27.4 - https:\/\/yoast.com\/product\/yoast-seo-wordpress\/ -->\n<title>Vortrag: Reinigungsrituale im japanischen Neujahr - DJG BW | Deutsch-Japanische Gesellschaft Baden-W\u00fcrttemberg e.V.<\/title>\n<meta name=\"robots\" content=\"index, follow, max-snippet:-1, max-image-preview:large, max-video-preview:-1\" \/>\n<link rel=\"canonical\" href=\"https:\/\/japan-in-baden-wuerttemberg.de\/djg2018\/event\/vortrag-reinigungsrituale-im-japanischen-neujahr\/\" \/>\n<meta property=\"og:locale\" content=\"de_DE\" \/>\n<meta property=\"og:type\" content=\"article\" \/>\n<meta property=\"og:title\" content=\"Vortrag: Reinigungsrituale im japanischen Neujahr - DJG BW | Deutsch-Japanische Gesellschaft Baden-W\u00fcrttemberg e.V.\" \/>\n<meta property=\"og:description\" content=\"Vortrag zum Thema: Reinigungsrituale im japanischen Neujahr Referent: Dr. Ulrich Pauly Wo? B\u00fcrgerzentrum Stuttgart-West, Sophie-Knosp-Raum, Bebelstr. 22, 70193 Stuttgart Kosten? Eintritt frei, um Spenden wird gebeten Beschreibung Das wichtigste Glaubenselement [&hellip;]\" \/>\n<meta property=\"og:url\" content=\"https:\/\/japan-in-baden-wuerttemberg.de\/djg2018\/event\/vortrag-reinigungsrituale-im-japanischen-neujahr\/\" \/>\n<meta property=\"og:site_name\" content=\"DJG BW | Deutsch-Japanische Gesellschaft Baden-W\u00fcrttemberg e.V.\" \/>\n<meta property=\"article:modified_time\" content=\"2024-05-22T19:12:50+00:00\" \/>\n<meta property=\"og:image\" content=\"https:\/\/japan-in-baden-wuerttemberg.de\/djg2018\/wp-content\/uploads\/2024\/05\/Reinigungsrituale_Dr-Ulrich-Pauly.jpg\" \/>\n\t<meta property=\"og:image:width\" content=\"1200\" \/>\n\t<meta property=\"og:image:height\" content=\"811\" \/>\n\t<meta property=\"og:image:type\" content=\"image\/jpeg\" \/>\n<meta name=\"twitter:card\" content=\"summary_large_image\" \/>\n<meta name=\"twitter:label1\" content=\"Gesch\u00e4tzte Lesezeit\" \/>\n\t<meta name=\"twitter:data1\" content=\"2\u00a0Minuten\" \/>\n<script type=\"application\/ld+json\" class=\"yoast-schema-graph\">{\"@context\":\"https:\\\/\\\/schema.org\",\"@graph\":[{\"@type\":\"WebPage\",\"@id\":\"https:\\\/\\\/japan-in-baden-wuerttemberg.de\\\/djg2018\\\/event\\\/vortrag-reinigungsrituale-im-japanischen-neujahr\\\/\",\"url\":\"https:\\\/\\\/japan-in-baden-wuerttemberg.de\\\/djg2018\\\/event\\\/vortrag-reinigungsrituale-im-japanischen-neujahr\\\/\",\"name\":\"Vortrag: Reinigungsrituale im japanischen Neujahr - DJG BW | Deutsch-Japanische Gesellschaft Baden-W\u00fcrttemberg e.V.\",\"isPartOf\":{\"@id\":\"https:\\\/\\\/japan-in-baden-wuerttemberg.de\\\/djg2018\\\/#website\"},\"primaryImageOfPage\":{\"@id\":\"https:\\\/\\\/japan-in-baden-wuerttemberg.de\\\/djg2018\\\/event\\\/vortrag-reinigungsrituale-im-japanischen-neujahr\\\/#primaryimage\"},\"image\":{\"@id\":\"https:\\\/\\\/japan-in-baden-wuerttemberg.de\\\/djg2018\\\/event\\\/vortrag-reinigungsrituale-im-japanischen-neujahr\\\/#primaryimage\"},\"thumbnailUrl\":\"https:\\\/\\\/japan-in-baden-wuerttemberg.de\\\/djg2018\\\/wp-content\\\/uploads\\\/2024\\\/05\\\/Reinigungsrituale_Dr-Ulrich-Pauly.jpg\",\"datePublished\":\"2024-05-22T19:12:01+00:00\",\"dateModified\":\"2024-05-22T19:12:50+00:00\",\"breadcrumb\":{\"@id\":\"https:\\\/\\\/japan-in-baden-wuerttemberg.de\\\/djg2018\\\/event\\\/vortrag-reinigungsrituale-im-japanischen-neujahr\\\/#breadcrumb\"},\"inLanguage\":\"de\",\"potentialAction\":[{\"@type\":\"ReadAction\",\"target\":[\"https:\\\/\\\/japan-in-baden-wuerttemberg.de\\\/djg2018\\\/event\\\/vortrag-reinigungsrituale-im-japanischen-neujahr\\\/\"]}]},{\"@type\":\"ImageObject\",\"inLanguage\":\"de\",\"@id\":\"https:\\\/\\\/japan-in-baden-wuerttemberg.de\\\/djg2018\\\/event\\\/vortrag-reinigungsrituale-im-japanischen-neujahr\\\/#primaryimage\",\"url\":\"https:\\\/\\\/japan-in-baden-wuerttemberg.de\\\/djg2018\\\/wp-content\\\/uploads\\\/2024\\\/05\\\/Reinigungsrituale_Dr-Ulrich-Pauly.jpg\",\"contentUrl\":\"https:\\\/\\\/japan-in-baden-wuerttemberg.de\\\/djg2018\\\/wp-content\\\/uploads\\\/2024\\\/05\\\/Reinigungsrituale_Dr-Ulrich-Pauly.jpg\",\"width\":1200,\"height\":811},{\"@type\":\"BreadcrumbList\",\"@id\":\"https:\\\/\\\/japan-in-baden-wuerttemberg.de\\\/djg2018\\\/event\\\/vortrag-reinigungsrituale-im-japanischen-neujahr\\\/#breadcrumb\",\"itemListElement\":[{\"@type\":\"ListItem\",\"position\":1,\"name\":\"Startseite\",\"item\":\"https:\\\/\\\/japan-in-baden-wuerttemberg.de\\\/djg2018\\\/\"},{\"@type\":\"ListItem\",\"position\":2,\"name\":\"Veranstaltungen\",\"item\":\"https:\\\/\\\/japan-in-baden-wuerttemberg.de\\\/djg2018\\\/events\\\/\"},{\"@type\":\"ListItem\",\"position\":3,\"name\":\"Vortrag: Reinigungsrituale im japanischen Neujahr\"}]},{\"@type\":\"WebSite\",\"@id\":\"https:\\\/\\\/japan-in-baden-wuerttemberg.de\\\/djg2018\\\/#website\",\"url\":\"https:\\\/\\\/japan-in-baden-wuerttemberg.de\\\/djg2018\\\/\",\"name\":\"DJG BW | Deutsch-Japanische Gesellschaft Baden-W\u00fcrttemberg e.V.\",\"description\":\"\",\"publisher\":{\"@id\":\"https:\\\/\\\/japan-in-baden-wuerttemberg.de\\\/djg2018\\\/#organization\"},\"potentialAction\":[{\"@type\":\"SearchAction\",\"target\":{\"@type\":\"EntryPoint\",\"urlTemplate\":\"https:\\\/\\\/japan-in-baden-wuerttemberg.de\\\/djg2018\\\/?s={search_term_string}\"},\"query-input\":{\"@type\":\"PropertyValueSpecification\",\"valueRequired\":true,\"valueName\":\"search_term_string\"}}],\"inLanguage\":\"de\"},{\"@type\":\"Organization\",\"@id\":\"https:\\\/\\\/japan-in-baden-wuerttemberg.de\\\/djg2018\\\/#organization\",\"name\":\"Deutsch-Japanische Gesellschaft Baden-W\u00fcrttemberg e.V.\",\"url\":\"https:\\\/\\\/japan-in-baden-wuerttemberg.de\\\/djg2018\\\/\",\"logo\":{\"@type\":\"ImageObject\",\"inLanguage\":\"de\",\"@id\":\"https:\\\/\\\/japan-in-baden-wuerttemberg.de\\\/djg2018\\\/#\\\/schema\\\/logo\\\/image\\\/\",\"url\":\"https:\\\/\\\/japan-in-baden-wuerttemberg.de\\\/djg2018\\\/wp-content\\\/uploads\\\/2018\\\/12\\\/djg_bw_logo2.jpg\",\"contentUrl\":\"https:\\\/\\\/japan-in-baden-wuerttemberg.de\\\/djg2018\\\/wp-content\\\/uploads\\\/2018\\\/12\\\/djg_bw_logo2.jpg\",\"width\":708,\"height\":200,\"caption\":\"Deutsch-Japanische Gesellschaft Baden-W\u00fcrttemberg e.V.\"},\"image\":{\"@id\":\"https:\\\/\\\/japan-in-baden-wuerttemberg.de\\\/djg2018\\\/#\\\/schema\\\/logo\\\/image\\\/\"}}]}<\/script>\n<!-- \/ Yoast SEO plugin. -->","yoast_head_json":{"title":"Vortrag: Reinigungsrituale im japanischen Neujahr - DJG BW | Deutsch-Japanische Gesellschaft Baden-W\u00fcrttemberg e.V.","robots":{"index":"index","follow":"follow","max-snippet":"max-snippet:-1","max-image-preview":"max-image-preview:large","max-video-preview":"max-video-preview:-1"},"canonical":"https:\/\/japan-in-baden-wuerttemberg.de\/djg2018\/event\/vortrag-reinigungsrituale-im-japanischen-neujahr\/","og_locale":"de_DE","og_type":"article","og_title":"Vortrag: Reinigungsrituale im japanischen Neujahr - DJG BW | Deutsch-Japanische Gesellschaft Baden-W\u00fcrttemberg e.V.","og_description":"Vortrag zum Thema: Reinigungsrituale im japanischen Neujahr Referent: Dr. Ulrich Pauly Wo? B\u00fcrgerzentrum Stuttgart-West, Sophie-Knosp-Raum, Bebelstr. 22, 70193 Stuttgart Kosten? Eintritt frei, um Spenden wird gebeten Beschreibung Das wichtigste Glaubenselement [&hellip;]","og_url":"https:\/\/japan-in-baden-wuerttemberg.de\/djg2018\/event\/vortrag-reinigungsrituale-im-japanischen-neujahr\/","og_site_name":"DJG BW | Deutsch-Japanische Gesellschaft Baden-W\u00fcrttemberg e.V.","article_modified_time":"2024-05-22T19:12:50+00:00","og_image":[{"width":1200,"height":811,"url":"https:\/\/japan-in-baden-wuerttemberg.de\/djg2018\/wp-content\/uploads\/2024\/05\/Reinigungsrituale_Dr-Ulrich-Pauly.jpg","type":"image\/jpeg"}],"twitter_card":"summary_large_image","twitter_misc":{"Gesch\u00e4tzte Lesezeit":"2\u00a0Minuten"},"schema":{"@context":"https:\/\/schema.org","@graph":[{"@type":"WebPage","@id":"https:\/\/japan-in-baden-wuerttemberg.de\/djg2018\/event\/vortrag-reinigungsrituale-im-japanischen-neujahr\/","url":"https:\/\/japan-in-baden-wuerttemberg.de\/djg2018\/event\/vortrag-reinigungsrituale-im-japanischen-neujahr\/","name":"Vortrag: Reinigungsrituale im japanischen Neujahr - DJG BW | Deutsch-Japanische Gesellschaft Baden-W\u00fcrttemberg e.V.","isPartOf":{"@id":"https:\/\/japan-in-baden-wuerttemberg.de\/djg2018\/#website"},"primaryImageOfPage":{"@id":"https:\/\/japan-in-baden-wuerttemberg.de\/djg2018\/event\/vortrag-reinigungsrituale-im-japanischen-neujahr\/#primaryimage"},"image":{"@id":"https:\/\/japan-in-baden-wuerttemberg.de\/djg2018\/event\/vortrag-reinigungsrituale-im-japanischen-neujahr\/#primaryimage"},"thumbnailUrl":"https:\/\/japan-in-baden-wuerttemberg.de\/djg2018\/wp-content\/uploads\/2024\/05\/Reinigungsrituale_Dr-Ulrich-Pauly.jpg","datePublished":"2024-05-22T19:12:01+00:00","dateModified":"2024-05-22T19:12:50+00:00","breadcrumb":{"@id":"https:\/\/japan-in-baden-wuerttemberg.de\/djg2018\/event\/vortrag-reinigungsrituale-im-japanischen-neujahr\/#breadcrumb"},"inLanguage":"de","potentialAction":[{"@type":"ReadAction","target":["https:\/\/japan-in-baden-wuerttemberg.de\/djg2018\/event\/vortrag-reinigungsrituale-im-japanischen-neujahr\/"]}]},{"@type":"ImageObject","inLanguage":"de","@id":"https:\/\/japan-in-baden-wuerttemberg.de\/djg2018\/event\/vortrag-reinigungsrituale-im-japanischen-neujahr\/#primaryimage","url":"https:\/\/japan-in-baden-wuerttemberg.de\/djg2018\/wp-content\/uploads\/2024\/05\/Reinigungsrituale_Dr-Ulrich-Pauly.jpg","contentUrl":"https:\/\/japan-in-baden-wuerttemberg.de\/djg2018\/wp-content\/uploads\/2024\/05\/Reinigungsrituale_Dr-Ulrich-Pauly.jpg","width":1200,"height":811},{"@type":"BreadcrumbList","@id":"https:\/\/japan-in-baden-wuerttemberg.de\/djg2018\/event\/vortrag-reinigungsrituale-im-japanischen-neujahr\/#breadcrumb","itemListElement":[{"@type":"ListItem","position":1,"name":"Startseite","item":"https:\/\/japan-in-baden-wuerttemberg.de\/djg2018\/"},{"@type":"ListItem","position":2,"name":"Veranstaltungen","item":"https:\/\/japan-in-baden-wuerttemberg.de\/djg2018\/events\/"},{"@type":"ListItem","position":3,"name":"Vortrag: Reinigungsrituale im japanischen Neujahr"}]},{"@type":"WebSite","@id":"https:\/\/japan-in-baden-wuerttemberg.de\/djg2018\/#website","url":"https:\/\/japan-in-baden-wuerttemberg.de\/djg2018\/","name":"DJG BW | Deutsch-Japanische Gesellschaft Baden-W\u00fcrttemberg e.V.","description":"","publisher":{"@id":"https:\/\/japan-in-baden-wuerttemberg.de\/djg2018\/#organization"},"potentialAction":[{"@type":"SearchAction","target":{"@type":"EntryPoint","urlTemplate":"https:\/\/japan-in-baden-wuerttemberg.de\/djg2018\/?s={search_term_string}"},"query-input":{"@type":"PropertyValueSpecification","valueRequired":true,"valueName":"search_term_string"}}],"inLanguage":"de"},{"@type":"Organization","@id":"https:\/\/japan-in-baden-wuerttemberg.de\/djg2018\/#organization","name":"Deutsch-Japanische Gesellschaft Baden-W\u00fcrttemberg e.V.","url":"https:\/\/japan-in-baden-wuerttemberg.de\/djg2018\/","logo":{"@type":"ImageObject","inLanguage":"de","@id":"https:\/\/japan-in-baden-wuerttemberg.de\/djg2018\/#\/schema\/logo\/image\/","url":"https:\/\/japan-in-baden-wuerttemberg.de\/djg2018\/wp-content\/uploads\/2018\/12\/djg_bw_logo2.jpg","contentUrl":"https:\/\/japan-in-baden-wuerttemberg.de\/djg2018\/wp-content\/uploads\/2018\/12\/djg_bw_logo2.jpg","width":708,"height":200,"caption":"Deutsch-Japanische Gesellschaft Baden-W\u00fcrttemberg e.V."},"image":{"@id":"https:\/\/japan-in-baden-wuerttemberg.de\/djg2018\/#\/schema\/logo\/image\/"}}]}},"_links":{"self":[{"href":"https:\/\/japan-in-baden-wuerttemberg.de\/djg2018\/wp-json\/wp\/v2\/tribe_events\/8271","targetHints":{"allow":["GET"]}}],"collection":[{"href":"https:\/\/japan-in-baden-wuerttemberg.de\/djg2018\/wp-json\/wp\/v2\/tribe_events"}],"about":[{"href":"https:\/\/japan-in-baden-wuerttemberg.de\/djg2018\/wp-json\/wp\/v2\/types\/tribe_events"}],"author":[{"embeddable":true,"href":"https:\/\/japan-in-baden-wuerttemberg.de\/djg2018\/wp-json\/wp\/v2\/users\/1"}],"version-history":[{"count":0,"href":"https:\/\/japan-in-baden-wuerttemberg.de\/djg2018\/wp-json\/wp\/v2\/tribe_events\/8271\/revisions"}],"wp:featuredmedia":[{"embeddable":true,"href":"https:\/\/japan-in-baden-wuerttemberg.de\/djg2018\/wp-json\/wp\/v2\/media\/8264"}],"wp:attachment":[{"href":"https:\/\/japan-in-baden-wuerttemberg.de\/djg2018\/wp-json\/wp\/v2\/media?parent=8271"}],"wp:term":[{"taxonomy":"post_tag","embeddable":true,"href":"https:\/\/japan-in-baden-wuerttemberg.de\/djg2018\/wp-json\/wp\/v2\/tags?post=8271"},{"taxonomy":"tribe_events_cat","embeddable":true,"href":"https:\/\/japan-in-baden-wuerttemberg.de\/djg2018\/wp-json\/wp\/v2\/tribe_events_cat?post=8271"}],"curies":[{"name":"wp","href":"https:\/\/api.w.org\/{rel}","templated":true}]}}