{"id":8152,"date":"2024-05-17T17:17:03","date_gmt":"2024-05-17T15:17:03","guid":{"rendered":"https:\/\/japan-in-baden-wuerttemberg.de\/djg2018\/?post_type=tribe_events&#038;p=8152"},"modified":"2024-05-17T17:21:50","modified_gmt":"2024-05-17T15:21:50","slug":"vortrag-das-erste-japanisch-deutsche-ehepaar-in-stuttgart-lebte-in-der-neuen-weinsteige-33-hana-und-erwin-von-baelz","status":"publish","type":"tribe_events","link":"https:\/\/japan-in-baden-wuerttemberg.de\/djg2018\/event\/vortrag-das-erste-japanisch-deutsche-ehepaar-in-stuttgart-lebte-in-der-neuen-weinsteige-33-hana-und-erwin-von-baelz\/","title":{"rendered":"Vortrag: Das erste japanisch-deutsche Ehepaar in Stuttgart lebte in der Neuen Weinsteige 33: Hana und Erwin von Baelz"},"content":{"rendered":"<p><strong>Vortrag zum Thema<\/strong><br \/>\nDas erste japanisch-deutsche Ehepaar in Stuttgart lebte in der Neuen Weinsteige 33: Hana und Erwin von Baelz<\/p>\n<p><strong>Referentin<\/strong><br \/>\nDr. Susanne Germann<\/p>\n<p><strong>Wo?<\/strong><br \/>\nB\u00fcrgerzentrum Stuttgart-West, Sophie-Knosp-Raum, Bebelstr. 22, 70193 Stuttgart<\/p>\n<p><strong>Beschreibung<\/strong><br \/>\nDer bekannte Arzt, Anthropologe und Ethnologe Erwin von Baelz (1849-1913) war ein Pionier der Japanforschung und ein Vorl\u00e4ufer auf dem Gebiet der Japanologie. 1905 kehrte er nach 29-j\u00e4hrigem Japanaufenthalt mit seiner japanischen Gattin Hana (1864-1937) nach Stuttgart zur\u00fcck. Im Dezember dieses Jahres wurde er vom w\u00fcrttembergischen K\u00f6nig mit dem pers\u00f6nlichen Adelstitel ausgezeichnet.<\/p>\n<p>Bekannt ist Erwin von Baelz bis heute wegen seiner Verdienste als einer der ma\u00dfgeblichen Leib\u00e4rzte der kaiserlichen Familie, die er sehr erfolgreich \u00e4rztlich versorgte und wegen seiner T\u00e4tigkeit als Professor der Inneren Medizin an der Kaiserlichen Universit\u00e4t Tokyo, die ihm in Japan den Ruf des \u201eVaters der modernen Medizin\u201c einbrachte. Bis heute wird gerne aus seinen postum erschienenen Tageb\u00fcchern zitiert, da er ein profunder Kenner japanischer Verh\u00e4ltnisse jener Jahre der Meiji-Zeit war.<\/p>\n<p>Das Ehepaar Baelz hat aber auch gemeinsam gewirkt und in Stuttgart Spuren hinterlassen. Bei der Er\u00f6ffnung des Linden-Museums am 28. Mai 1911 in seinen heutigen R\u00e4umen waren beide am Aufbau der Asien-Ausstellung beteiligt und halfen tatkr\u00e4ftig mit. Die Baelz-Sammlungen des Linden-Museums waren mehrfach Studienobjekte auch der japanischen Forschung, da sie u.a. zeitgen\u00f6ssisch ausgerichtet gewesen sind. Heutigen Stuttgartern sind die Exponate aus der umfangreichen Slg. Baelz, die seit den 1970er Jahren im Besitz des Linden-Museums sind, ebenfalls ein Begriff. Weit weniger bekannt ist, dass die ersten Baelz-Sammlungen im K\u00f6niglich W\u00fcrttembergischen Landes-Gewerbemuseum ausgestellt waren. Dieses Geb\u00e4ude tr\u00e4gt heute den Namen \u201eHaus der Wirtschaft\u201c und wird nicht mehr museal genutzt. Seit der Er\u00f6ffnung dieses Museumsneubaus im Jahr 1896 wurden die Baelz\u2019schen Sammlungen jedoch dort pr\u00e4sentiert, immer wieder tempor\u00e4r erg\u00e4nzt durch Neuzug\u00e4nge aus seiner stetig wachsenden Privatsammlung. Im Jahr 1905 wurde mit einer dieser Sonderausstellungen sogar ein Besucherrekord erzielt.<\/p>\n<p>Der Schwerpunkt des Vortrags bezieht sich auf die Zeit der gemeinsamen Jahre des Ehepaars Baelz in Stuttgart von 1905 bis 1913 und bis kurz nach dem Ende des Ersten Weltkrieges, als Hana wieder nach Japan zur\u00fcckkehrte.<\/p>\n<p><strong>Referentin<\/strong><br \/>\nDr. Susanne Germann, Japanologin und Kunsthistorikerin, Pr\u00e4sidentin der Deutsch-Japanischen Gesellschaft Baden-W\u00fcrttemberg e.V., ist ausgewiesene Baelz-Spezialistin, sie hat u.a. die unver\u00f6ffentlichten Reisetageb\u00fccher Erwin von Baelz\u2019 philologisch kommentiert herausgegeben und die gro\u00dfe Biographie \u201eErwin von Baelz \u2013 Von Bietigheim nach Tokyo\u201c (2014) verfasst. Daneben liegt ihr Schwerpunkt auf dem japanischen Kunsthandwerk, sie war am Bestandskatalog der Inr\u014d, G\u00fcrtelschmuck aus Japan, die Slg. Trumpf des Linden-Museums (2016), ma\u00dfgeblich beteiligt.<\/p>\n","protected":false},"excerpt":{"rendered":"<p>Vortrag zum Thema Das erste japanisch-deutsche Ehepaar in Stuttgart lebte in der Neuen Weinsteige 33: Hana und Erwin von Baelz Referentin Dr. Susanne Germann Wo? B\u00fcrgerzentrum Stuttgart-West, Sophie-Knosp-Raum, Bebelstr. 22, [&hellip;]<\/p>\n","protected":false},"author":1,"featured_media":8164,"template":"","meta":{"_et_pb_use_builder":"","_et_pb_old_content":"","_et_gb_content_width":"","_tribe_events_status":"","_tribe_events_status_reason":"","footnotes":""},"tags":[29],"tribe_events_cat":[21],"class_list":["post-8152","tribe_events","type-tribe_events","status-publish","has-post-thumbnail","hentry","tag-vortrag","tribe_events_cat-vortrag","cat_vortrag"],"yoast_head":"<!-- This site is optimized with the Yoast SEO plugin v27.5 - https:\/\/yoast.com\/product\/yoast-seo-wordpress\/ -->\n<title>Vortrag: Das erste japanisch-deutsche Ehepaar in Stuttgart lebte in der Neuen Weinsteige 33: Hana und Erwin von Baelz - DJG BW | Deutsch-Japanische Gesellschaft Baden-W\u00fcrttemberg e.V.<\/title>\n<meta name=\"robots\" content=\"index, follow, max-snippet:-1, max-image-preview:large, max-video-preview:-1\" \/>\n<link rel=\"canonical\" href=\"https:\/\/japan-in-baden-wuerttemberg.de\/djg2018\/event\/vortrag-das-erste-japanisch-deutsche-ehepaar-in-stuttgart-lebte-in-der-neuen-weinsteige-33-hana-und-erwin-von-baelz\/\" \/>\n<meta property=\"og:locale\" content=\"de_DE\" \/>\n<meta property=\"og:type\" content=\"article\" \/>\n<meta property=\"og:title\" content=\"Vortrag: Das erste japanisch-deutsche Ehepaar in Stuttgart lebte in der Neuen Weinsteige 33: Hana und Erwin von Baelz - DJG BW | Deutsch-Japanische Gesellschaft Baden-W\u00fcrttemberg e.V.\" \/>\n<meta property=\"og:description\" content=\"Vortrag zum Thema Das erste japanisch-deutsche Ehepaar in Stuttgart lebte in der Neuen Weinsteige 33: Hana und Erwin von Baelz Referentin Dr. Susanne Germann Wo? B\u00fcrgerzentrum Stuttgart-West, Sophie-Knosp-Raum, Bebelstr. 22, [&hellip;]\" \/>\n<meta property=\"og:url\" content=\"https:\/\/japan-in-baden-wuerttemberg.de\/djg2018\/event\/vortrag-das-erste-japanisch-deutsche-ehepaar-in-stuttgart-lebte-in-der-neuen-weinsteige-33-hana-und-erwin-von-baelz\/\" \/>\n<meta property=\"og:site_name\" content=\"DJG BW | Deutsch-Japanische Gesellschaft Baden-W\u00fcrttemberg e.V.\" \/>\n<meta property=\"article:modified_time\" content=\"2024-05-17T15:21:50+00:00\" \/>\n<meta property=\"og:image\" content=\"https:\/\/japan-in-baden-wuerttemberg.de\/djg2018\/wp-content\/uploads\/2024\/05\/Hana-und-Dr.-Erwin-von-Baelz_Ichizu-Hashimoto.jpg\" \/>\n\t<meta property=\"og:image:width\" content=\"1100\" \/>\n\t<meta property=\"og:image:height\" content=\"807\" \/>\n\t<meta property=\"og:image:type\" content=\"image\/jpeg\" \/>\n<meta name=\"twitter:card\" content=\"summary_large_image\" \/>\n<meta name=\"twitter:label1\" content=\"Gesch\u00e4tzte Lesezeit\" \/>\n\t<meta name=\"twitter:data1\" content=\"3\u00a0Minuten\" \/>\n<script type=\"application\/ld+json\" class=\"yoast-schema-graph\">{\"@context\":\"https:\\\/\\\/schema.org\",\"@graph\":[{\"@type\":\"WebPage\",\"@id\":\"https:\\\/\\\/japan-in-baden-wuerttemberg.de\\\/djg2018\\\/event\\\/vortrag-das-erste-japanisch-deutsche-ehepaar-in-stuttgart-lebte-in-der-neuen-weinsteige-33-hana-und-erwin-von-baelz\\\/\",\"url\":\"https:\\\/\\\/japan-in-baden-wuerttemberg.de\\\/djg2018\\\/event\\\/vortrag-das-erste-japanisch-deutsche-ehepaar-in-stuttgart-lebte-in-der-neuen-weinsteige-33-hana-und-erwin-von-baelz\\\/\",\"name\":\"Vortrag: Das erste japanisch-deutsche Ehepaar in Stuttgart lebte in der Neuen Weinsteige 33: Hana und Erwin von Baelz - DJG BW | Deutsch-Japanische Gesellschaft Baden-W\u00fcrttemberg e.V.\",\"isPartOf\":{\"@id\":\"https:\\\/\\\/japan-in-baden-wuerttemberg.de\\\/djg2018\\\/#website\"},\"primaryImageOfPage\":{\"@id\":\"https:\\\/\\\/japan-in-baden-wuerttemberg.de\\\/djg2018\\\/event\\\/vortrag-das-erste-japanisch-deutsche-ehepaar-in-stuttgart-lebte-in-der-neuen-weinsteige-33-hana-und-erwin-von-baelz\\\/#primaryimage\"},\"image\":{\"@id\":\"https:\\\/\\\/japan-in-baden-wuerttemberg.de\\\/djg2018\\\/event\\\/vortrag-das-erste-japanisch-deutsche-ehepaar-in-stuttgart-lebte-in-der-neuen-weinsteige-33-hana-und-erwin-von-baelz\\\/#primaryimage\"},\"thumbnailUrl\":\"https:\\\/\\\/japan-in-baden-wuerttemberg.de\\\/djg2018\\\/wp-content\\\/uploads\\\/2024\\\/05\\\/Hana-und-Dr.-Erwin-von-Baelz_Ichizu-Hashimoto.jpg\",\"datePublished\":\"2024-05-17T15:17:03+00:00\",\"dateModified\":\"2024-05-17T15:21:50+00:00\",\"breadcrumb\":{\"@id\":\"https:\\\/\\\/japan-in-baden-wuerttemberg.de\\\/djg2018\\\/event\\\/vortrag-das-erste-japanisch-deutsche-ehepaar-in-stuttgart-lebte-in-der-neuen-weinsteige-33-hana-und-erwin-von-baelz\\\/#breadcrumb\"},\"inLanguage\":\"de\",\"potentialAction\":[{\"@type\":\"ReadAction\",\"target\":[\"https:\\\/\\\/japan-in-baden-wuerttemberg.de\\\/djg2018\\\/event\\\/vortrag-das-erste-japanisch-deutsche-ehepaar-in-stuttgart-lebte-in-der-neuen-weinsteige-33-hana-und-erwin-von-baelz\\\/\"]}]},{\"@type\":\"ImageObject\",\"inLanguage\":\"de\",\"@id\":\"https:\\\/\\\/japan-in-baden-wuerttemberg.de\\\/djg2018\\\/event\\\/vortrag-das-erste-japanisch-deutsche-ehepaar-in-stuttgart-lebte-in-der-neuen-weinsteige-33-hana-und-erwin-von-baelz\\\/#primaryimage\",\"url\":\"https:\\\/\\\/japan-in-baden-wuerttemberg.de\\\/djg2018\\\/wp-content\\\/uploads\\\/2024\\\/05\\\/Hana-und-Dr.-Erwin-von-Baelz_Ichizu-Hashimoto.jpg\",\"contentUrl\":\"https:\\\/\\\/japan-in-baden-wuerttemberg.de\\\/djg2018\\\/wp-content\\\/uploads\\\/2024\\\/05\\\/Hana-und-Dr.-Erwin-von-Baelz_Ichizu-Hashimoto.jpg\",\"width\":1100,\"height\":807},{\"@type\":\"BreadcrumbList\",\"@id\":\"https:\\\/\\\/japan-in-baden-wuerttemberg.de\\\/djg2018\\\/event\\\/vortrag-das-erste-japanisch-deutsche-ehepaar-in-stuttgart-lebte-in-der-neuen-weinsteige-33-hana-und-erwin-von-baelz\\\/#breadcrumb\",\"itemListElement\":[{\"@type\":\"ListItem\",\"position\":1,\"name\":\"Startseite\",\"item\":\"https:\\\/\\\/japan-in-baden-wuerttemberg.de\\\/djg2018\\\/\"},{\"@type\":\"ListItem\",\"position\":2,\"name\":\"Veranstaltungen\",\"item\":\"https:\\\/\\\/japan-in-baden-wuerttemberg.de\\\/djg2018\\\/events\\\/\"},{\"@type\":\"ListItem\",\"position\":3,\"name\":\"Vortrag: Das erste japanisch-deutsche Ehepaar in Stuttgart lebte in der Neuen Weinsteige 33: Hana und Erwin von Baelz\"}]},{\"@type\":\"WebSite\",\"@id\":\"https:\\\/\\\/japan-in-baden-wuerttemberg.de\\\/djg2018\\\/#website\",\"url\":\"https:\\\/\\\/japan-in-baden-wuerttemberg.de\\\/djg2018\\\/\",\"name\":\"DJG BW | Deutsch-Japanische Gesellschaft Baden-W\u00fcrttemberg e.V.\",\"description\":\"\",\"publisher\":{\"@id\":\"https:\\\/\\\/japan-in-baden-wuerttemberg.de\\\/djg2018\\\/#organization\"},\"potentialAction\":[{\"@type\":\"SearchAction\",\"target\":{\"@type\":\"EntryPoint\",\"urlTemplate\":\"https:\\\/\\\/japan-in-baden-wuerttemberg.de\\\/djg2018\\\/?s={search_term_string}\"},\"query-input\":{\"@type\":\"PropertyValueSpecification\",\"valueRequired\":true,\"valueName\":\"search_term_string\"}}],\"inLanguage\":\"de\"},{\"@type\":\"Organization\",\"@id\":\"https:\\\/\\\/japan-in-baden-wuerttemberg.de\\\/djg2018\\\/#organization\",\"name\":\"Deutsch-Japanische Gesellschaft Baden-W\u00fcrttemberg e.V.\",\"url\":\"https:\\\/\\\/japan-in-baden-wuerttemberg.de\\\/djg2018\\\/\",\"logo\":{\"@type\":\"ImageObject\",\"inLanguage\":\"de\",\"@id\":\"https:\\\/\\\/japan-in-baden-wuerttemberg.de\\\/djg2018\\\/#\\\/schema\\\/logo\\\/image\\\/\",\"url\":\"https:\\\/\\\/japan-in-baden-wuerttemberg.de\\\/djg2018\\\/wp-content\\\/uploads\\\/2018\\\/12\\\/djg_bw_logo2.jpg\",\"contentUrl\":\"https:\\\/\\\/japan-in-baden-wuerttemberg.de\\\/djg2018\\\/wp-content\\\/uploads\\\/2018\\\/12\\\/djg_bw_logo2.jpg\",\"width\":708,\"height\":200,\"caption\":\"Deutsch-Japanische Gesellschaft Baden-W\u00fcrttemberg e.V.\"},\"image\":{\"@id\":\"https:\\\/\\\/japan-in-baden-wuerttemberg.de\\\/djg2018\\\/#\\\/schema\\\/logo\\\/image\\\/\"}}]}<\/script>\n<!-- \/ Yoast SEO plugin. -->","yoast_head_json":{"title":"Vortrag: Das erste japanisch-deutsche Ehepaar in Stuttgart lebte in der Neuen Weinsteige 33: Hana und Erwin von Baelz - DJG BW | Deutsch-Japanische Gesellschaft Baden-W\u00fcrttemberg e.V.","robots":{"index":"index","follow":"follow","max-snippet":"max-snippet:-1","max-image-preview":"max-image-preview:large","max-video-preview":"max-video-preview:-1"},"canonical":"https:\/\/japan-in-baden-wuerttemberg.de\/djg2018\/event\/vortrag-das-erste-japanisch-deutsche-ehepaar-in-stuttgart-lebte-in-der-neuen-weinsteige-33-hana-und-erwin-von-baelz\/","og_locale":"de_DE","og_type":"article","og_title":"Vortrag: Das erste japanisch-deutsche Ehepaar in Stuttgart lebte in der Neuen Weinsteige 33: Hana und Erwin von Baelz - DJG BW | Deutsch-Japanische Gesellschaft Baden-W\u00fcrttemberg e.V.","og_description":"Vortrag zum Thema Das erste japanisch-deutsche Ehepaar in Stuttgart lebte in der Neuen Weinsteige 33: Hana und Erwin von Baelz Referentin Dr. Susanne Germann Wo? B\u00fcrgerzentrum Stuttgart-West, Sophie-Knosp-Raum, Bebelstr. 22, [&hellip;]","og_url":"https:\/\/japan-in-baden-wuerttemberg.de\/djg2018\/event\/vortrag-das-erste-japanisch-deutsche-ehepaar-in-stuttgart-lebte-in-der-neuen-weinsteige-33-hana-und-erwin-von-baelz\/","og_site_name":"DJG BW | Deutsch-Japanische Gesellschaft Baden-W\u00fcrttemberg e.V.","article_modified_time":"2024-05-17T15:21:50+00:00","og_image":[{"width":1100,"height":807,"url":"https:\/\/japan-in-baden-wuerttemberg.de\/djg2018\/wp-content\/uploads\/2024\/05\/Hana-und-Dr.-Erwin-von-Baelz_Ichizu-Hashimoto.jpg","type":"image\/jpeg"}],"twitter_card":"summary_large_image","twitter_misc":{"Gesch\u00e4tzte Lesezeit":"3\u00a0Minuten"},"schema":{"@context":"https:\/\/schema.org","@graph":[{"@type":"WebPage","@id":"https:\/\/japan-in-baden-wuerttemberg.de\/djg2018\/event\/vortrag-das-erste-japanisch-deutsche-ehepaar-in-stuttgart-lebte-in-der-neuen-weinsteige-33-hana-und-erwin-von-baelz\/","url":"https:\/\/japan-in-baden-wuerttemberg.de\/djg2018\/event\/vortrag-das-erste-japanisch-deutsche-ehepaar-in-stuttgart-lebte-in-der-neuen-weinsteige-33-hana-und-erwin-von-baelz\/","name":"Vortrag: Das erste japanisch-deutsche Ehepaar in Stuttgart lebte in der Neuen Weinsteige 33: Hana und Erwin von Baelz - DJG BW | Deutsch-Japanische Gesellschaft Baden-W\u00fcrttemberg e.V.","isPartOf":{"@id":"https:\/\/japan-in-baden-wuerttemberg.de\/djg2018\/#website"},"primaryImageOfPage":{"@id":"https:\/\/japan-in-baden-wuerttemberg.de\/djg2018\/event\/vortrag-das-erste-japanisch-deutsche-ehepaar-in-stuttgart-lebte-in-der-neuen-weinsteige-33-hana-und-erwin-von-baelz\/#primaryimage"},"image":{"@id":"https:\/\/japan-in-baden-wuerttemberg.de\/djg2018\/event\/vortrag-das-erste-japanisch-deutsche-ehepaar-in-stuttgart-lebte-in-der-neuen-weinsteige-33-hana-und-erwin-von-baelz\/#primaryimage"},"thumbnailUrl":"https:\/\/japan-in-baden-wuerttemberg.de\/djg2018\/wp-content\/uploads\/2024\/05\/Hana-und-Dr.-Erwin-von-Baelz_Ichizu-Hashimoto.jpg","datePublished":"2024-05-17T15:17:03+00:00","dateModified":"2024-05-17T15:21:50+00:00","breadcrumb":{"@id":"https:\/\/japan-in-baden-wuerttemberg.de\/djg2018\/event\/vortrag-das-erste-japanisch-deutsche-ehepaar-in-stuttgart-lebte-in-der-neuen-weinsteige-33-hana-und-erwin-von-baelz\/#breadcrumb"},"inLanguage":"de","potentialAction":[{"@type":"ReadAction","target":["https:\/\/japan-in-baden-wuerttemberg.de\/djg2018\/event\/vortrag-das-erste-japanisch-deutsche-ehepaar-in-stuttgart-lebte-in-der-neuen-weinsteige-33-hana-und-erwin-von-baelz\/"]}]},{"@type":"ImageObject","inLanguage":"de","@id":"https:\/\/japan-in-baden-wuerttemberg.de\/djg2018\/event\/vortrag-das-erste-japanisch-deutsche-ehepaar-in-stuttgart-lebte-in-der-neuen-weinsteige-33-hana-und-erwin-von-baelz\/#primaryimage","url":"https:\/\/japan-in-baden-wuerttemberg.de\/djg2018\/wp-content\/uploads\/2024\/05\/Hana-und-Dr.-Erwin-von-Baelz_Ichizu-Hashimoto.jpg","contentUrl":"https:\/\/japan-in-baden-wuerttemberg.de\/djg2018\/wp-content\/uploads\/2024\/05\/Hana-und-Dr.-Erwin-von-Baelz_Ichizu-Hashimoto.jpg","width":1100,"height":807},{"@type":"BreadcrumbList","@id":"https:\/\/japan-in-baden-wuerttemberg.de\/djg2018\/event\/vortrag-das-erste-japanisch-deutsche-ehepaar-in-stuttgart-lebte-in-der-neuen-weinsteige-33-hana-und-erwin-von-baelz\/#breadcrumb","itemListElement":[{"@type":"ListItem","position":1,"name":"Startseite","item":"https:\/\/japan-in-baden-wuerttemberg.de\/djg2018\/"},{"@type":"ListItem","position":2,"name":"Veranstaltungen","item":"https:\/\/japan-in-baden-wuerttemberg.de\/djg2018\/events\/"},{"@type":"ListItem","position":3,"name":"Vortrag: Das erste japanisch-deutsche Ehepaar in Stuttgart lebte in der Neuen Weinsteige 33: Hana und Erwin von Baelz"}]},{"@type":"WebSite","@id":"https:\/\/japan-in-baden-wuerttemberg.de\/djg2018\/#website","url":"https:\/\/japan-in-baden-wuerttemberg.de\/djg2018\/","name":"DJG BW | Deutsch-Japanische Gesellschaft Baden-W\u00fcrttemberg e.V.","description":"","publisher":{"@id":"https:\/\/japan-in-baden-wuerttemberg.de\/djg2018\/#organization"},"potentialAction":[{"@type":"SearchAction","target":{"@type":"EntryPoint","urlTemplate":"https:\/\/japan-in-baden-wuerttemberg.de\/djg2018\/?s={search_term_string}"},"query-input":{"@type":"PropertyValueSpecification","valueRequired":true,"valueName":"search_term_string"}}],"inLanguage":"de"},{"@type":"Organization","@id":"https:\/\/japan-in-baden-wuerttemberg.de\/djg2018\/#organization","name":"Deutsch-Japanische Gesellschaft Baden-W\u00fcrttemberg e.V.","url":"https:\/\/japan-in-baden-wuerttemberg.de\/djg2018\/","logo":{"@type":"ImageObject","inLanguage":"de","@id":"https:\/\/japan-in-baden-wuerttemberg.de\/djg2018\/#\/schema\/logo\/image\/","url":"https:\/\/japan-in-baden-wuerttemberg.de\/djg2018\/wp-content\/uploads\/2018\/12\/djg_bw_logo2.jpg","contentUrl":"https:\/\/japan-in-baden-wuerttemberg.de\/djg2018\/wp-content\/uploads\/2018\/12\/djg_bw_logo2.jpg","width":708,"height":200,"caption":"Deutsch-Japanische Gesellschaft Baden-W\u00fcrttemberg e.V."},"image":{"@id":"https:\/\/japan-in-baden-wuerttemberg.de\/djg2018\/#\/schema\/logo\/image\/"}}]}},"_links":{"self":[{"href":"https:\/\/japan-in-baden-wuerttemberg.de\/djg2018\/wp-json\/wp\/v2\/tribe_events\/8152","targetHints":{"allow":["GET"]}}],"collection":[{"href":"https:\/\/japan-in-baden-wuerttemberg.de\/djg2018\/wp-json\/wp\/v2\/tribe_events"}],"about":[{"href":"https:\/\/japan-in-baden-wuerttemberg.de\/djg2018\/wp-json\/wp\/v2\/types\/tribe_events"}],"author":[{"embeddable":true,"href":"https:\/\/japan-in-baden-wuerttemberg.de\/djg2018\/wp-json\/wp\/v2\/users\/1"}],"version-history":[{"count":0,"href":"https:\/\/japan-in-baden-wuerttemberg.de\/djg2018\/wp-json\/wp\/v2\/tribe_events\/8152\/revisions"}],"wp:featuredmedia":[{"embeddable":true,"href":"https:\/\/japan-in-baden-wuerttemberg.de\/djg2018\/wp-json\/wp\/v2\/media\/8164"}],"wp:attachment":[{"href":"https:\/\/japan-in-baden-wuerttemberg.de\/djg2018\/wp-json\/wp\/v2\/media?parent=8152"}],"wp:term":[{"taxonomy":"post_tag","embeddable":true,"href":"https:\/\/japan-in-baden-wuerttemberg.de\/djg2018\/wp-json\/wp\/v2\/tags?post=8152"},{"taxonomy":"tribe_events_cat","embeddable":true,"href":"https:\/\/japan-in-baden-wuerttemberg.de\/djg2018\/wp-json\/wp\/v2\/tribe_events_cat?post=8152"}],"curies":[{"name":"wp","href":"https:\/\/api.w.org\/{rel}","templated":true}]}}