{"id":673,"date":"2018-12-21T11:47:43","date_gmt":"2018-12-21T10:47:43","guid":{"rendered":"http:\/\/japan-in-baden-wuerttemberg.de\/djg2018\/?post_type=tribe_events&#038;p=673"},"modified":"2018-12-27T21:25:35","modified_gmt":"2018-12-27T20:25:35","slug":"shinnenkai-2019","status":"publish","type":"tribe_events","link":"https:\/\/japan-in-baden-wuerttemberg.de\/djg2018\/event\/shinnenkai-2019\/","title":{"rendered":"Shinnenkai 2019"},"content":{"rendered":"<p><strong>Das No-Theater und die Gagaku-Musik<\/strong><\/p>\n<p><strong>Vortrag: No<\/strong> ist eine Form des traditionellen japanischen Theaters, von Kan\u2019ami und seinem<\/p>\n<p>Sohn Zeami Motokijo im 14.Jahr-hundert in Kyoto aus verschiedenen Vorformen entwickelt.<\/p>\n<p>Damals waren No-Schauspieler auch gleichzeitig die Autoren der St\u00fccke. Der Shogun<\/p>\n<p>Ashikaga Yoshimitsu (1368-1394) war von dieser Theaterform begeistert und unterst\u00fctzte<\/p>\n<p>diese und damit begann der Aufstieg dieser Theaterform zum Hof- und danach zum<\/p>\n<p>Tournee-Theater. Durch die Meiji-Restauration um 1868 verlor das No seine M\u00e4zene,<\/p>\n<p>konnte sich aber im 20. Jahrhundert wieder entwickeln und modernisieren.<\/p>\n<p>&nbsp;<\/p>\n<p>Frau Annegret Bergmann, FU Berlin, ist Japanologin und Theaterwissenschaftlerin.<\/p>\n<p>&nbsp;<\/p>\n<p><strong>Musik: Gagaku<\/strong><strong>,<\/strong> \u00bbElegante Musik\u00ab, stellt die \u00e4lteste bekannte Form der Orchestermusik\u00a0mit<\/p>\n<p>Tanz auf der Welt dar. Entstanden in China, wurde es vor 1300\u00a0Jahren nach Japan<\/p>\n<p>\u00fcberliefert und wird heute ausschlie\u00dflich in Japan weiter gepflegt.\u00a02009 wurde es von<\/p>\n<p>der UNESCO zum \u00bbImmateriellen Kulturerbe\u00ab\u00a0erkl\u00e4rt.<\/p>\n<p>&nbsp;<\/p>\n<p>Das\u00a0 Gagaku Ensemble aus K\u00f6ln ist das einzige Gagaku Ensemble in\u00a0ganz Europa.<\/p>\n<p>&nbsp;<\/p>\n<p>Zum Fest geh\u00f6ren auch Essen und Trinken nach japanischer Art f\u00fcr ein Miteinander<\/p>\n<p>im freundlichen Gespr\u00e4ch. Eine Sushi-Box wird verk\u00e4uflich sein, die Getr\u00e4nke sind kostenfrei.<\/p>\n<p>Samstag, den 2. Februar 2019, 18 Uhr<\/p>\n<p>Linden-Museum Stuttgart, Hegelplatz 1<\/p>\n<p>Eintritts-Preise sind 12 \u20ac, erm\u00e4\u00dfigt 8 \u20ac<\/p>\n<p>Anmeldungen werden empfohlen \u00fcber die Homepage <a href=\"http:\/\/www.djg-bw.de\">www.djg-bw.de<\/a> ab dem 02. Januar 2019<\/p>\n<p>mit doodle-Programm, telefonisch unter 0711-12777799 und mit Mail an<\/p>\n<p><u><a href=\"mailto:japanisches.honorarkonsulat@de.trumpf.com\">japanisches.honorarkonsulat@de.trumpf.com<\/a><\/u><\/p>\n","protected":false},"excerpt":{"rendered":"<p>Das No-Theater und die Gagaku-Musik Vortrag: No ist eine Form des traditionellen japanischen Theaters, von Kan\u2019ami und seinem Sohn Zeami Motokijo im 14.Jahr-hundert in Kyoto aus verschiedenen Vorformen entwickelt. Damals [&hellip;]<\/p>\n","protected":false},"author":2,"featured_media":695,"template":"","meta":{"_et_pb_use_builder":"","_et_pb_old_content":"","_et_gb_content_width":"","_tribe_events_status":"","_tribe_events_status_reason":"","footnotes":""},"tags":[],"tribe_events_cat":[20],"class_list":["post-673","tribe_events","type-tribe_events","status-publish","has-post-thumbnail","hentry","tribe_events_cat-shinnenkai","cat_shinnenkai"],"yoast_head":"<!-- This site is optimized with the Yoast SEO plugin v27.4 - https:\/\/yoast.com\/product\/yoast-seo-wordpress\/ -->\n<title>Shinnenkai 2019 - DJG BW | Deutsch-Japanische Gesellschaft Baden-W\u00fcrttemberg e.V.<\/title>\n<meta name=\"robots\" content=\"index, follow, max-snippet:-1, max-image-preview:large, max-video-preview:-1\" \/>\n<link rel=\"canonical\" href=\"https:\/\/japan-in-baden-wuerttemberg.de\/djg2018\/event\/shinnenkai-2019\/\" \/>\n<meta property=\"og:locale\" content=\"de_DE\" \/>\n<meta property=\"og:type\" content=\"article\" \/>\n<meta property=\"og:title\" content=\"Shinnenkai 2019 - DJG BW | Deutsch-Japanische Gesellschaft Baden-W\u00fcrttemberg e.V.\" \/>\n<meta property=\"og:description\" content=\"Das No-Theater und die Gagaku-Musik Vortrag: No ist eine Form des traditionellen japanischen Theaters, von Kan\u2019ami und seinem Sohn Zeami Motokijo im 14.Jahr-hundert in Kyoto aus verschiedenen Vorformen entwickelt. Damals [&hellip;]\" \/>\n<meta property=\"og:url\" content=\"https:\/\/japan-in-baden-wuerttemberg.de\/djg2018\/event\/shinnenkai-2019\/\" \/>\n<meta property=\"og:site_name\" content=\"DJG BW | Deutsch-Japanische Gesellschaft Baden-W\u00fcrttemberg e.V.\" \/>\n<meta property=\"article:modified_time\" content=\"2018-12-27T20:25:35+00:00\" \/>\n<meta property=\"og:image\" content=\"https:\/\/japan-in-baden-wuerttemberg.de\/djg2018\/wp-content\/uploads\/2018\/12\/No-Theater-l_107051-2.jpg\" \/>\n\t<meta property=\"og:image:width\" content=\"1673\" \/>\n\t<meta property=\"og:image:height\" content=\"1309\" \/>\n\t<meta property=\"og:image:type\" content=\"image\/jpeg\" \/>\n<meta name=\"twitter:card\" content=\"summary_large_image\" \/>\n<meta name=\"twitter:label1\" content=\"Gesch\u00e4tzte Lesezeit\" \/>\n\t<meta name=\"twitter:data1\" content=\"1\u00a0Minute\" \/>\n<script type=\"application\/ld+json\" class=\"yoast-schema-graph\">{\"@context\":\"https:\\\/\\\/schema.org\",\"@graph\":[{\"@type\":\"WebPage\",\"@id\":\"https:\\\/\\\/japan-in-baden-wuerttemberg.de\\\/djg2018\\\/event\\\/shinnenkai-2019\\\/\",\"url\":\"https:\\\/\\\/japan-in-baden-wuerttemberg.de\\\/djg2018\\\/event\\\/shinnenkai-2019\\\/\",\"name\":\"Shinnenkai 2019 - DJG BW | Deutsch-Japanische Gesellschaft Baden-W\u00fcrttemberg e.V.\",\"isPartOf\":{\"@id\":\"https:\\\/\\\/japan-in-baden-wuerttemberg.de\\\/djg2018\\\/#website\"},\"primaryImageOfPage\":{\"@id\":\"https:\\\/\\\/japan-in-baden-wuerttemberg.de\\\/djg2018\\\/event\\\/shinnenkai-2019\\\/#primaryimage\"},\"image\":{\"@id\":\"https:\\\/\\\/japan-in-baden-wuerttemberg.de\\\/djg2018\\\/event\\\/shinnenkai-2019\\\/#primaryimage\"},\"thumbnailUrl\":\"https:\\\/\\\/japan-in-baden-wuerttemberg.de\\\/djg2018\\\/wp-content\\\/uploads\\\/2018\\\/12\\\/No-Theater-l_107051-2.jpg\",\"datePublished\":\"2018-12-21T10:47:43+00:00\",\"dateModified\":\"2018-12-27T20:25:35+00:00\",\"breadcrumb\":{\"@id\":\"https:\\\/\\\/japan-in-baden-wuerttemberg.de\\\/djg2018\\\/event\\\/shinnenkai-2019\\\/#breadcrumb\"},\"inLanguage\":\"de\",\"potentialAction\":[{\"@type\":\"ReadAction\",\"target\":[\"https:\\\/\\\/japan-in-baden-wuerttemberg.de\\\/djg2018\\\/event\\\/shinnenkai-2019\\\/\"]}]},{\"@type\":\"ImageObject\",\"inLanguage\":\"de\",\"@id\":\"https:\\\/\\\/japan-in-baden-wuerttemberg.de\\\/djg2018\\\/event\\\/shinnenkai-2019\\\/#primaryimage\",\"url\":\"https:\\\/\\\/japan-in-baden-wuerttemberg.de\\\/djg2018\\\/wp-content\\\/uploads\\\/2018\\\/12\\\/No-Theater-l_107051-2.jpg\",\"contentUrl\":\"https:\\\/\\\/japan-in-baden-wuerttemberg.de\\\/djg2018\\\/wp-content\\\/uploads\\\/2018\\\/12\\\/No-Theater-l_107051-2.jpg\",\"width\":1673,\"height\":1309},{\"@type\":\"BreadcrumbList\",\"@id\":\"https:\\\/\\\/japan-in-baden-wuerttemberg.de\\\/djg2018\\\/event\\\/shinnenkai-2019\\\/#breadcrumb\",\"itemListElement\":[{\"@type\":\"ListItem\",\"position\":1,\"name\":\"Startseite\",\"item\":\"https:\\\/\\\/japan-in-baden-wuerttemberg.de\\\/djg2018\\\/\"},{\"@type\":\"ListItem\",\"position\":2,\"name\":\"Veranstaltungen\",\"item\":\"https:\\\/\\\/japan-in-baden-wuerttemberg.de\\\/djg2018\\\/events\\\/\"},{\"@type\":\"ListItem\",\"position\":3,\"name\":\"Shinnenkai 2019\"}]},{\"@type\":\"WebSite\",\"@id\":\"https:\\\/\\\/japan-in-baden-wuerttemberg.de\\\/djg2018\\\/#website\",\"url\":\"https:\\\/\\\/japan-in-baden-wuerttemberg.de\\\/djg2018\\\/\",\"name\":\"DJG BW | Deutsch-Japanische Gesellschaft Baden-W\u00fcrttemberg e.V.\",\"description\":\"\",\"publisher\":{\"@id\":\"https:\\\/\\\/japan-in-baden-wuerttemberg.de\\\/djg2018\\\/#organization\"},\"potentialAction\":[{\"@type\":\"SearchAction\",\"target\":{\"@type\":\"EntryPoint\",\"urlTemplate\":\"https:\\\/\\\/japan-in-baden-wuerttemberg.de\\\/djg2018\\\/?s={search_term_string}\"},\"query-input\":{\"@type\":\"PropertyValueSpecification\",\"valueRequired\":true,\"valueName\":\"search_term_string\"}}],\"inLanguage\":\"de\"},{\"@type\":\"Organization\",\"@id\":\"https:\\\/\\\/japan-in-baden-wuerttemberg.de\\\/djg2018\\\/#organization\",\"name\":\"Deutsch-Japanische Gesellschaft Baden-W\u00fcrttemberg e.V.\",\"url\":\"https:\\\/\\\/japan-in-baden-wuerttemberg.de\\\/djg2018\\\/\",\"logo\":{\"@type\":\"ImageObject\",\"inLanguage\":\"de\",\"@id\":\"https:\\\/\\\/japan-in-baden-wuerttemberg.de\\\/djg2018\\\/#\\\/schema\\\/logo\\\/image\\\/\",\"url\":\"https:\\\/\\\/japan-in-baden-wuerttemberg.de\\\/djg2018\\\/wp-content\\\/uploads\\\/2018\\\/12\\\/djg_bw_logo2.jpg\",\"contentUrl\":\"https:\\\/\\\/japan-in-baden-wuerttemberg.de\\\/djg2018\\\/wp-content\\\/uploads\\\/2018\\\/12\\\/djg_bw_logo2.jpg\",\"width\":708,\"height\":200,\"caption\":\"Deutsch-Japanische Gesellschaft Baden-W\u00fcrttemberg e.V.\"},\"image\":{\"@id\":\"https:\\\/\\\/japan-in-baden-wuerttemberg.de\\\/djg2018\\\/#\\\/schema\\\/logo\\\/image\\\/\"}}]}<\/script>\n<!-- \/ Yoast SEO plugin. -->","yoast_head_json":{"title":"Shinnenkai 2019 - DJG BW | Deutsch-Japanische Gesellschaft Baden-W\u00fcrttemberg e.V.","robots":{"index":"index","follow":"follow","max-snippet":"max-snippet:-1","max-image-preview":"max-image-preview:large","max-video-preview":"max-video-preview:-1"},"canonical":"https:\/\/japan-in-baden-wuerttemberg.de\/djg2018\/event\/shinnenkai-2019\/","og_locale":"de_DE","og_type":"article","og_title":"Shinnenkai 2019 - DJG BW | Deutsch-Japanische Gesellschaft Baden-W\u00fcrttemberg e.V.","og_description":"Das No-Theater und die Gagaku-Musik Vortrag: No ist eine Form des traditionellen japanischen Theaters, von Kan\u2019ami und seinem Sohn Zeami Motokijo im 14.Jahr-hundert in Kyoto aus verschiedenen Vorformen entwickelt. Damals [&hellip;]","og_url":"https:\/\/japan-in-baden-wuerttemberg.de\/djg2018\/event\/shinnenkai-2019\/","og_site_name":"DJG BW | Deutsch-Japanische Gesellschaft Baden-W\u00fcrttemberg e.V.","article_modified_time":"2018-12-27T20:25:35+00:00","og_image":[{"width":1673,"height":1309,"url":"https:\/\/japan-in-baden-wuerttemberg.de\/djg2018\/wp-content\/uploads\/2018\/12\/No-Theater-l_107051-2.jpg","type":"image\/jpeg"}],"twitter_card":"summary_large_image","twitter_misc":{"Gesch\u00e4tzte Lesezeit":"1\u00a0Minute"},"schema":{"@context":"https:\/\/schema.org","@graph":[{"@type":"WebPage","@id":"https:\/\/japan-in-baden-wuerttemberg.de\/djg2018\/event\/shinnenkai-2019\/","url":"https:\/\/japan-in-baden-wuerttemberg.de\/djg2018\/event\/shinnenkai-2019\/","name":"Shinnenkai 2019 - DJG BW | Deutsch-Japanische Gesellschaft Baden-W\u00fcrttemberg e.V.","isPartOf":{"@id":"https:\/\/japan-in-baden-wuerttemberg.de\/djg2018\/#website"},"primaryImageOfPage":{"@id":"https:\/\/japan-in-baden-wuerttemberg.de\/djg2018\/event\/shinnenkai-2019\/#primaryimage"},"image":{"@id":"https:\/\/japan-in-baden-wuerttemberg.de\/djg2018\/event\/shinnenkai-2019\/#primaryimage"},"thumbnailUrl":"https:\/\/japan-in-baden-wuerttemberg.de\/djg2018\/wp-content\/uploads\/2018\/12\/No-Theater-l_107051-2.jpg","datePublished":"2018-12-21T10:47:43+00:00","dateModified":"2018-12-27T20:25:35+00:00","breadcrumb":{"@id":"https:\/\/japan-in-baden-wuerttemberg.de\/djg2018\/event\/shinnenkai-2019\/#breadcrumb"},"inLanguage":"de","potentialAction":[{"@type":"ReadAction","target":["https:\/\/japan-in-baden-wuerttemberg.de\/djg2018\/event\/shinnenkai-2019\/"]}]},{"@type":"ImageObject","inLanguage":"de","@id":"https:\/\/japan-in-baden-wuerttemberg.de\/djg2018\/event\/shinnenkai-2019\/#primaryimage","url":"https:\/\/japan-in-baden-wuerttemberg.de\/djg2018\/wp-content\/uploads\/2018\/12\/No-Theater-l_107051-2.jpg","contentUrl":"https:\/\/japan-in-baden-wuerttemberg.de\/djg2018\/wp-content\/uploads\/2018\/12\/No-Theater-l_107051-2.jpg","width":1673,"height":1309},{"@type":"BreadcrumbList","@id":"https:\/\/japan-in-baden-wuerttemberg.de\/djg2018\/event\/shinnenkai-2019\/#breadcrumb","itemListElement":[{"@type":"ListItem","position":1,"name":"Startseite","item":"https:\/\/japan-in-baden-wuerttemberg.de\/djg2018\/"},{"@type":"ListItem","position":2,"name":"Veranstaltungen","item":"https:\/\/japan-in-baden-wuerttemberg.de\/djg2018\/events\/"},{"@type":"ListItem","position":3,"name":"Shinnenkai 2019"}]},{"@type":"WebSite","@id":"https:\/\/japan-in-baden-wuerttemberg.de\/djg2018\/#website","url":"https:\/\/japan-in-baden-wuerttemberg.de\/djg2018\/","name":"DJG BW | Deutsch-Japanische Gesellschaft Baden-W\u00fcrttemberg e.V.","description":"","publisher":{"@id":"https:\/\/japan-in-baden-wuerttemberg.de\/djg2018\/#organization"},"potentialAction":[{"@type":"SearchAction","target":{"@type":"EntryPoint","urlTemplate":"https:\/\/japan-in-baden-wuerttemberg.de\/djg2018\/?s={search_term_string}"},"query-input":{"@type":"PropertyValueSpecification","valueRequired":true,"valueName":"search_term_string"}}],"inLanguage":"de"},{"@type":"Organization","@id":"https:\/\/japan-in-baden-wuerttemberg.de\/djg2018\/#organization","name":"Deutsch-Japanische Gesellschaft Baden-W\u00fcrttemberg e.V.","url":"https:\/\/japan-in-baden-wuerttemberg.de\/djg2018\/","logo":{"@type":"ImageObject","inLanguage":"de","@id":"https:\/\/japan-in-baden-wuerttemberg.de\/djg2018\/#\/schema\/logo\/image\/","url":"https:\/\/japan-in-baden-wuerttemberg.de\/djg2018\/wp-content\/uploads\/2018\/12\/djg_bw_logo2.jpg","contentUrl":"https:\/\/japan-in-baden-wuerttemberg.de\/djg2018\/wp-content\/uploads\/2018\/12\/djg_bw_logo2.jpg","width":708,"height":200,"caption":"Deutsch-Japanische Gesellschaft Baden-W\u00fcrttemberg e.V."},"image":{"@id":"https:\/\/japan-in-baden-wuerttemberg.de\/djg2018\/#\/schema\/logo\/image\/"}}]}},"_links":{"self":[{"href":"https:\/\/japan-in-baden-wuerttemberg.de\/djg2018\/wp-json\/wp\/v2\/tribe_events\/673","targetHints":{"allow":["GET"]}}],"collection":[{"href":"https:\/\/japan-in-baden-wuerttemberg.de\/djg2018\/wp-json\/wp\/v2\/tribe_events"}],"about":[{"href":"https:\/\/japan-in-baden-wuerttemberg.de\/djg2018\/wp-json\/wp\/v2\/types\/tribe_events"}],"author":[{"embeddable":true,"href":"https:\/\/japan-in-baden-wuerttemberg.de\/djg2018\/wp-json\/wp\/v2\/users\/2"}],"version-history":[{"count":0,"href":"https:\/\/japan-in-baden-wuerttemberg.de\/djg2018\/wp-json\/wp\/v2\/tribe_events\/673\/revisions"}],"wp:featuredmedia":[{"embeddable":true,"href":"https:\/\/japan-in-baden-wuerttemberg.de\/djg2018\/wp-json\/wp\/v2\/media\/695"}],"wp:attachment":[{"href":"https:\/\/japan-in-baden-wuerttemberg.de\/djg2018\/wp-json\/wp\/v2\/media?parent=673"}],"wp:term":[{"taxonomy":"post_tag","embeddable":true,"href":"https:\/\/japan-in-baden-wuerttemberg.de\/djg2018\/wp-json\/wp\/v2\/tags?post=673"},{"taxonomy":"tribe_events_cat","embeddable":true,"href":"https:\/\/japan-in-baden-wuerttemberg.de\/djg2018\/wp-json\/wp\/v2\/tribe_events_cat?post=673"}],"curies":[{"name":"wp","href":"https:\/\/api.w.org\/{rel}","templated":true}]}}