{"id":14863,"date":"2026-05-01T22:26:16","date_gmt":"2026-05-01T20:26:16","guid":{"rendered":"https:\/\/japan-in-baden-wuerttemberg.de\/djg2018\/?post_type=tribe_events&#038;p=14863"},"modified":"2026-05-01T22:32:34","modified_gmt":"2026-05-01T20:32:34","slug":"einfuehrung-in-die-ausstellung-kawanabe-kyosai-1831-1889","status":"publish","type":"tribe_events","link":"https:\/\/japan-in-baden-wuerttemberg.de\/djg2018\/event\/einfuehrung-in-die-ausstellung-kawanabe-kyosai-1831-1889\/","title":{"rendered":"Einf\u00fchrung in die Ausstellung \u201eKawanabe Ky\u014dsai (1831-1889), japanischer K\u00fcnstler zwischen den Zeiten \u2013 Holzschnitte, Blockb\u00fccher und Rollbilder aus der Sammlung G\u00fcnter Beck\u201c"},"content":{"rendered":"<p>Einf\u00fchrung in die Ausstellung \u201eKawanabe Ky\u014dsai (1831-1889), japanischer K\u00fcnstler zwischen den Zeiten \u2013 Holzschnitte, Blockb\u00fccher und Rollbilder aus der Sammlung G\u00fcnter Beck\u201c mit der Kuratorin Dr. Susanne Germann<\/p>\n<p><strong>Wann?<\/strong><br \/>\nFreitag, 22.05.2026 um 19:00 Uhr<\/p>\n<p><strong>Wo?<\/strong><br \/>\nB\u00fcrgerzentrum Stuttgart-West, SOPHIE-KNOSP-RAUM, Bebelstr. 22, 70193 Stuttgart<\/p>\n<p><strong>Kosten?<\/strong><br \/>\nEintritt frei, Spenden erbeten<\/p>\n<p><strong>Bildnachweis<\/strong><br \/>\n\u00a9 G\u00fcnter Beck<\/p>\n<p><strong>Beschreibung<\/strong><br \/>\nIm Japan des 19. Jahrhunderts war Kawanabe Ky\u014dsai (1831-1889) einer der namhaftesten K\u00fcnstler und einer der ersten, der bereits zu Lebzeiten auch in der Kunstszene Europas und in den USA bekannt war. Von dort erhielt Ky\u014dsai sogar vereinzelt Besuch in seinem Atelier. Auch der Arzt und Kunstsammler Erwin von Baelz (1849-1913) geh\u00f6rt zu den ersten, die seine Genialit\u00e4t schon fr\u00fch erkannt haben, er lernte diesen ungest\u00fcmen Maler und Illustrator w\u00e4hrend seines Arbeitsaufenthaltes in Tokyo im Jahr 1879 kennen.<\/p>\n<p>Nach seinem Tod geriet Ky\u014dsai jedoch in Japan bald in Vergessenheit, erst Ky\u014dsais Urenkelin sorgte durch die Errichtung eines Museums und Forschungszentrums (1977) daf\u00fcr, ihn wieder in das Licht der \u00d6ffentlichkeit zu r\u00fccken. Es folgten zahlreiche Ausstellungen im In- und Ausland. In diesem Zusammenhang, 1994, wurde auch die Ky\u014dsai-Sammlung der Stadt Bietigheim-Bissingen neu entdeckt \u2013 als Erg\u00e4nzung zu den Ky\u014dsai-Werken aus der Slg. Baelz des Linden-Museums in Stuttgart, das diese seit den 1970er Jahren beherbergt. Die Ausstellung \u201eDemon of Painting \u2013 The Art of Kawanabe Ky\u014dsai\u201c im British Museum 1993 war dabei ein Meilenstein, Ky\u014dsai gelangte nun auch in Japan wieder zur einiger Ber\u00fchmtheit. Seit Israel Goldman, London, in mehr als 40 Jahren die heute gr\u00f6\u00dfte und beste Collection auch gro\u00dfformatiger Werke, wie Stellschirme, zusammengetragen hat, k\u00f6nnen in Metropolen bei spektakul\u00e4ren Schauen Ky\u014dsais Werke wieder studiert werden, wie derzeit in Tokyo im Suntory Museum of Art unter dem Motto: \u201eKawanabe Ky\u014dsai no sekai \u2013 KY\u014cSAI\u2019s WORLD\u201c (22.04 bis 21.06.2026).<\/p>\n<p>Bei uns hat der Pforzheimer Sammler G\u00fcnter Beck in erster Linie druckgraphische Werke von Ky\u014dsai zusammengetragen, anhand derer sich nachvollziehen l\u00e4sst, welche Themen im 19. Jh. Begeisterung und Bewunderung hervorgerufen haben. Optisch nachvollziehbar werden die Themen, die in der Umbruchsphase von der Edo-Zeit in die neue Epoche der Meiji-Zeit die Menschen umgetrieben haben. Mit seiner Pinselspitze spie\u00dft Ky\u014dsai als malender Chronist und Karikaturist die damit einhergehenden gesellschaftlichen Verwerfungen auf.<\/p>\n<p>Charakteristisch sind dabei sein Humor und seine Fantasie, er h\u00e4lt menschliche Schw\u00e4chen, ohne zu werten, zumeist in dynamischen Szenen fest, die die Komik und Tragik der Situation zum Ausdruck bringen. Diese Sammlung wird vom 31. Mai bis 28. Juni 2026 im Kulturhaus Villa Berberich in Bad S\u00e4ckingen zu sehen sein. Die Kuratorin Dr. Susanne Germann f\u00fchrt in ihrem Vortrag in die Welt von Kawanabe Ky\u014dsai ein.<\/p>\n<p><span style=\"color: #ff0000;\"><a style=\"color: #ff0000;\" href=\"https:\/\/www.museumspass.com\/de\/austellungen\/kawanabe-kyosai-1831-1889-japanischer-kuenstler-zwischen-den-zeiten-holzschnitte\" target=\"_blank\" rel=\"noopener\">https:\/\/www.museumspass.com\/de\/austellungen\/kawanabe-kyosai-1831-1889-japanischer-kuenstler-zwischen-den-zeiten-holzschnitte<\/a><\/span><\/p>\n<p><span style=\"color: #ff0000;\"><a style=\"color: #ff0000;\" href=\"https:\/\/www.badsaeckingen.de\/kultur-events\/veranstaltungskalender\/2678\/kawanabe-kyosai-japanischer-kuenstler-zwischen-den-zeiten\/termin-59221\" target=\"_blank\" rel=\"noopener\">https:\/\/www.badsaeckingen.de\/kultur-events\/veranstaltungskalender\/2678\/kawanabe-kyosai-japanischer-kuenstler-zwischen-den-zeiten\/termin-59221<\/a><\/span><\/p>\n<p>Zu sehen ist die Ausstellung von Sonntag, 31. Mai 2026, bis Sonntag, 28. Juni 2026, Vernissage am Sonntag, 31. Mai 2026, um 11 Uhr. Sie sind herzlich eingeladen.<\/p>\n<p>\u00d6ffnungszeiten: Mi, Do, Sa: 14:00 \u2013 17:00 Uhr, So: 11:00 \u2013 17:00 Uhr<\/p>\n<p>Info-Telefon: <strong>07761 &#8211; 553 85 02<\/strong> (DJG Freundeskreis Nagai-Bad S\u00e4ckingen)<\/p>\n","protected":false},"excerpt":{"rendered":"<p>Mit der Kuratorin Dr. Susanne Germann<\/p>\n","protected":false},"author":1,"featured_media":14849,"template":"","meta":{"_et_pb_use_builder":"","_et_pb_old_content":"","_et_gb_content_width":"","_tribe_events_status":"","_tribe_events_status_reason":"","footnotes":""},"tags":[109],"tribe_events_cat":[44],"class_list":["post-14863","tribe_events","type-tribe_events","status-publish","has-post-thumbnail","hentry","tag-ausstellung","tribe_events_cat-ausstellung","cat_ausstellung"],"yoast_head":"<!-- This site is optimized with the Yoast SEO plugin v27.5 - https:\/\/yoast.com\/product\/yoast-seo-wordpress\/ -->\n<title>Einf\u00fchrung in die Ausstellung \u201eKawanabe Ky\u014dsai (1831-1889), japanischer K\u00fcnstler zwischen den Zeiten \u2013 Holzschnitte, Blockb\u00fccher und Rollbilder aus der Sammlung G\u00fcnter Beck\u201c - DJG BW | Deutsch-Japanische Gesellschaft Baden-W\u00fcrttemberg e.V.<\/title>\n<meta name=\"robots\" content=\"index, follow, max-snippet:-1, max-image-preview:large, max-video-preview:-1\" \/>\n<link rel=\"canonical\" href=\"https:\/\/japan-in-baden-wuerttemberg.de\/djg2018\/event\/einfuehrung-in-die-ausstellung-kawanabe-kyosai-1831-1889\/\" \/>\n<meta property=\"og:locale\" content=\"de_DE\" \/>\n<meta property=\"og:type\" content=\"article\" \/>\n<meta property=\"og:title\" content=\"Einf\u00fchrung in die Ausstellung \u201eKawanabe Ky\u014dsai (1831-1889), japanischer K\u00fcnstler zwischen den Zeiten \u2013 Holzschnitte, Blockb\u00fccher und Rollbilder aus der Sammlung G\u00fcnter Beck\u201c - DJG BW | Deutsch-Japanische Gesellschaft Baden-W\u00fcrttemberg e.V.\" \/>\n<meta property=\"og:description\" content=\"Mit der Kuratorin Dr. Susanne Germann\" \/>\n<meta property=\"og:url\" content=\"https:\/\/japan-in-baden-wuerttemberg.de\/djg2018\/event\/einfuehrung-in-die-ausstellung-kawanabe-kyosai-1831-1889\/\" \/>\n<meta property=\"og:site_name\" content=\"DJG BW | Deutsch-Japanische Gesellschaft Baden-W\u00fcrttemberg e.V.\" \/>\n<meta property=\"article:modified_time\" content=\"2026-05-01T20:32:34+00:00\" \/>\n<meta property=\"og:image\" content=\"https:\/\/japan-in-baden-wuerttemberg.de\/djg2018\/wp-content\/uploads\/2026\/04\/Shoki-auf-Tiger_Triptychon-1.jpg\" \/>\n\t<meta property=\"og:image:width\" content=\"2176\" \/>\n\t<meta property=\"og:image:height\" content=\"1121\" \/>\n\t<meta property=\"og:image:type\" content=\"image\/jpeg\" \/>\n<meta name=\"twitter:card\" content=\"summary_large_image\" \/>\n<meta name=\"twitter:label1\" content=\"Gesch\u00e4tzte Lesezeit\" \/>\n\t<meta name=\"twitter:data1\" content=\"3\u00a0Minuten\" \/>\n<script type=\"application\/ld+json\" class=\"yoast-schema-graph\">{\"@context\":\"https:\\\/\\\/schema.org\",\"@graph\":[{\"@type\":\"WebPage\",\"@id\":\"https:\\\/\\\/japan-in-baden-wuerttemberg.de\\\/djg2018\\\/event\\\/einfuehrung-in-die-ausstellung-kawanabe-kyosai-1831-1889\\\/\",\"url\":\"https:\\\/\\\/japan-in-baden-wuerttemberg.de\\\/djg2018\\\/event\\\/einfuehrung-in-die-ausstellung-kawanabe-kyosai-1831-1889\\\/\",\"name\":\"Einf\u00fchrung in die Ausstellung \u201eKawanabe Ky\u014dsai (1831-1889), japanischer K\u00fcnstler zwischen den Zeiten \u2013 Holzschnitte, Blockb\u00fccher und Rollbilder aus der Sammlung G\u00fcnter Beck\u201c - DJG BW | Deutsch-Japanische Gesellschaft Baden-W\u00fcrttemberg e.V.\",\"isPartOf\":{\"@id\":\"https:\\\/\\\/japan-in-baden-wuerttemberg.de\\\/djg2018\\\/#website\"},\"primaryImageOfPage\":{\"@id\":\"https:\\\/\\\/japan-in-baden-wuerttemberg.de\\\/djg2018\\\/event\\\/einfuehrung-in-die-ausstellung-kawanabe-kyosai-1831-1889\\\/#primaryimage\"},\"image\":{\"@id\":\"https:\\\/\\\/japan-in-baden-wuerttemberg.de\\\/djg2018\\\/event\\\/einfuehrung-in-die-ausstellung-kawanabe-kyosai-1831-1889\\\/#primaryimage\"},\"thumbnailUrl\":\"https:\\\/\\\/japan-in-baden-wuerttemberg.de\\\/djg2018\\\/wp-content\\\/uploads\\\/2026\\\/04\\\/Shoki-auf-Tiger_Triptychon-1.jpg\",\"datePublished\":\"2026-05-01T20:26:16+00:00\",\"dateModified\":\"2026-05-01T20:32:34+00:00\",\"breadcrumb\":{\"@id\":\"https:\\\/\\\/japan-in-baden-wuerttemberg.de\\\/djg2018\\\/event\\\/einfuehrung-in-die-ausstellung-kawanabe-kyosai-1831-1889\\\/#breadcrumb\"},\"inLanguage\":\"de\",\"potentialAction\":[{\"@type\":\"ReadAction\",\"target\":[\"https:\\\/\\\/japan-in-baden-wuerttemberg.de\\\/djg2018\\\/event\\\/einfuehrung-in-die-ausstellung-kawanabe-kyosai-1831-1889\\\/\"]}]},{\"@type\":\"ImageObject\",\"inLanguage\":\"de\",\"@id\":\"https:\\\/\\\/japan-in-baden-wuerttemberg.de\\\/djg2018\\\/event\\\/einfuehrung-in-die-ausstellung-kawanabe-kyosai-1831-1889\\\/#primaryimage\",\"url\":\"https:\\\/\\\/japan-in-baden-wuerttemberg.de\\\/djg2018\\\/wp-content\\\/uploads\\\/2026\\\/04\\\/Shoki-auf-Tiger_Triptychon-1.jpg\",\"contentUrl\":\"https:\\\/\\\/japan-in-baden-wuerttemberg.de\\\/djg2018\\\/wp-content\\\/uploads\\\/2026\\\/04\\\/Shoki-auf-Tiger_Triptychon-1.jpg\",\"width\":2176,\"height\":1121},{\"@type\":\"BreadcrumbList\",\"@id\":\"https:\\\/\\\/japan-in-baden-wuerttemberg.de\\\/djg2018\\\/event\\\/einfuehrung-in-die-ausstellung-kawanabe-kyosai-1831-1889\\\/#breadcrumb\",\"itemListElement\":[{\"@type\":\"ListItem\",\"position\":1,\"name\":\"Startseite\",\"item\":\"https:\\\/\\\/japan-in-baden-wuerttemberg.de\\\/djg2018\\\/\"},{\"@type\":\"ListItem\",\"position\":2,\"name\":\"Veranstaltungen\",\"item\":\"https:\\\/\\\/japan-in-baden-wuerttemberg.de\\\/djg2018\\\/events\\\/\"},{\"@type\":\"ListItem\",\"position\":3,\"name\":\"Einf\u00fchrung in die Ausstellung \u201eKawanabe Ky\u014dsai (1831-1889), japanischer K\u00fcnstler zwischen den Zeiten \u2013 Holzschnitte, Blockb\u00fccher und Rollbilder aus der Sammlung G\u00fcnter Beck\u201c\"}]},{\"@type\":\"WebSite\",\"@id\":\"https:\\\/\\\/japan-in-baden-wuerttemberg.de\\\/djg2018\\\/#website\",\"url\":\"https:\\\/\\\/japan-in-baden-wuerttemberg.de\\\/djg2018\\\/\",\"name\":\"DJG BW | Deutsch-Japanische Gesellschaft Baden-W\u00fcrttemberg e.V.\",\"description\":\"\",\"publisher\":{\"@id\":\"https:\\\/\\\/japan-in-baden-wuerttemberg.de\\\/djg2018\\\/#organization\"},\"potentialAction\":[{\"@type\":\"SearchAction\",\"target\":{\"@type\":\"EntryPoint\",\"urlTemplate\":\"https:\\\/\\\/japan-in-baden-wuerttemberg.de\\\/djg2018\\\/?s={search_term_string}\"},\"query-input\":{\"@type\":\"PropertyValueSpecification\",\"valueRequired\":true,\"valueName\":\"search_term_string\"}}],\"inLanguage\":\"de\"},{\"@type\":\"Organization\",\"@id\":\"https:\\\/\\\/japan-in-baden-wuerttemberg.de\\\/djg2018\\\/#organization\",\"name\":\"Deutsch-Japanische Gesellschaft Baden-W\u00fcrttemberg e.V.\",\"url\":\"https:\\\/\\\/japan-in-baden-wuerttemberg.de\\\/djg2018\\\/\",\"logo\":{\"@type\":\"ImageObject\",\"inLanguage\":\"de\",\"@id\":\"https:\\\/\\\/japan-in-baden-wuerttemberg.de\\\/djg2018\\\/#\\\/schema\\\/logo\\\/image\\\/\",\"url\":\"https:\\\/\\\/japan-in-baden-wuerttemberg.de\\\/djg2018\\\/wp-content\\\/uploads\\\/2018\\\/12\\\/djg_bw_logo2.jpg\",\"contentUrl\":\"https:\\\/\\\/japan-in-baden-wuerttemberg.de\\\/djg2018\\\/wp-content\\\/uploads\\\/2018\\\/12\\\/djg_bw_logo2.jpg\",\"width\":708,\"height\":200,\"caption\":\"Deutsch-Japanische Gesellschaft Baden-W\u00fcrttemberg e.V.\"},\"image\":{\"@id\":\"https:\\\/\\\/japan-in-baden-wuerttemberg.de\\\/djg2018\\\/#\\\/schema\\\/logo\\\/image\\\/\"}}]}<\/script>\n<!-- \/ Yoast SEO plugin. -->","yoast_head_json":{"title":"Einf\u00fchrung in die Ausstellung \u201eKawanabe Ky\u014dsai (1831-1889), japanischer K\u00fcnstler zwischen den Zeiten \u2013 Holzschnitte, Blockb\u00fccher und Rollbilder aus der Sammlung G\u00fcnter Beck\u201c - DJG BW | Deutsch-Japanische Gesellschaft Baden-W\u00fcrttemberg e.V.","robots":{"index":"index","follow":"follow","max-snippet":"max-snippet:-1","max-image-preview":"max-image-preview:large","max-video-preview":"max-video-preview:-1"},"canonical":"https:\/\/japan-in-baden-wuerttemberg.de\/djg2018\/event\/einfuehrung-in-die-ausstellung-kawanabe-kyosai-1831-1889\/","og_locale":"de_DE","og_type":"article","og_title":"Einf\u00fchrung in die Ausstellung \u201eKawanabe Ky\u014dsai (1831-1889), japanischer K\u00fcnstler zwischen den Zeiten \u2013 Holzschnitte, Blockb\u00fccher und Rollbilder aus der Sammlung G\u00fcnter Beck\u201c - DJG BW | Deutsch-Japanische Gesellschaft Baden-W\u00fcrttemberg e.V.","og_description":"Mit der Kuratorin Dr. Susanne Germann","og_url":"https:\/\/japan-in-baden-wuerttemberg.de\/djg2018\/event\/einfuehrung-in-die-ausstellung-kawanabe-kyosai-1831-1889\/","og_site_name":"DJG BW | Deutsch-Japanische Gesellschaft Baden-W\u00fcrttemberg e.V.","article_modified_time":"2026-05-01T20:32:34+00:00","og_image":[{"width":2176,"height":1121,"url":"https:\/\/japan-in-baden-wuerttemberg.de\/djg2018\/wp-content\/uploads\/2026\/04\/Shoki-auf-Tiger_Triptychon-1.jpg","type":"image\/jpeg"}],"twitter_card":"summary_large_image","twitter_misc":{"Gesch\u00e4tzte Lesezeit":"3\u00a0Minuten"},"schema":{"@context":"https:\/\/schema.org","@graph":[{"@type":"WebPage","@id":"https:\/\/japan-in-baden-wuerttemberg.de\/djg2018\/event\/einfuehrung-in-die-ausstellung-kawanabe-kyosai-1831-1889\/","url":"https:\/\/japan-in-baden-wuerttemberg.de\/djg2018\/event\/einfuehrung-in-die-ausstellung-kawanabe-kyosai-1831-1889\/","name":"Einf\u00fchrung in die Ausstellung \u201eKawanabe Ky\u014dsai (1831-1889), japanischer K\u00fcnstler zwischen den Zeiten \u2013 Holzschnitte, Blockb\u00fccher und Rollbilder aus der Sammlung G\u00fcnter Beck\u201c - DJG BW | Deutsch-Japanische Gesellschaft Baden-W\u00fcrttemberg e.V.","isPartOf":{"@id":"https:\/\/japan-in-baden-wuerttemberg.de\/djg2018\/#website"},"primaryImageOfPage":{"@id":"https:\/\/japan-in-baden-wuerttemberg.de\/djg2018\/event\/einfuehrung-in-die-ausstellung-kawanabe-kyosai-1831-1889\/#primaryimage"},"image":{"@id":"https:\/\/japan-in-baden-wuerttemberg.de\/djg2018\/event\/einfuehrung-in-die-ausstellung-kawanabe-kyosai-1831-1889\/#primaryimage"},"thumbnailUrl":"https:\/\/japan-in-baden-wuerttemberg.de\/djg2018\/wp-content\/uploads\/2026\/04\/Shoki-auf-Tiger_Triptychon-1.jpg","datePublished":"2026-05-01T20:26:16+00:00","dateModified":"2026-05-01T20:32:34+00:00","breadcrumb":{"@id":"https:\/\/japan-in-baden-wuerttemberg.de\/djg2018\/event\/einfuehrung-in-die-ausstellung-kawanabe-kyosai-1831-1889\/#breadcrumb"},"inLanguage":"de","potentialAction":[{"@type":"ReadAction","target":["https:\/\/japan-in-baden-wuerttemberg.de\/djg2018\/event\/einfuehrung-in-die-ausstellung-kawanabe-kyosai-1831-1889\/"]}]},{"@type":"ImageObject","inLanguage":"de","@id":"https:\/\/japan-in-baden-wuerttemberg.de\/djg2018\/event\/einfuehrung-in-die-ausstellung-kawanabe-kyosai-1831-1889\/#primaryimage","url":"https:\/\/japan-in-baden-wuerttemberg.de\/djg2018\/wp-content\/uploads\/2026\/04\/Shoki-auf-Tiger_Triptychon-1.jpg","contentUrl":"https:\/\/japan-in-baden-wuerttemberg.de\/djg2018\/wp-content\/uploads\/2026\/04\/Shoki-auf-Tiger_Triptychon-1.jpg","width":2176,"height":1121},{"@type":"BreadcrumbList","@id":"https:\/\/japan-in-baden-wuerttemberg.de\/djg2018\/event\/einfuehrung-in-die-ausstellung-kawanabe-kyosai-1831-1889\/#breadcrumb","itemListElement":[{"@type":"ListItem","position":1,"name":"Startseite","item":"https:\/\/japan-in-baden-wuerttemberg.de\/djg2018\/"},{"@type":"ListItem","position":2,"name":"Veranstaltungen","item":"https:\/\/japan-in-baden-wuerttemberg.de\/djg2018\/events\/"},{"@type":"ListItem","position":3,"name":"Einf\u00fchrung in die Ausstellung \u201eKawanabe Ky\u014dsai (1831-1889), japanischer K\u00fcnstler zwischen den Zeiten \u2013 Holzschnitte, Blockb\u00fccher und Rollbilder aus der Sammlung G\u00fcnter Beck\u201c"}]},{"@type":"WebSite","@id":"https:\/\/japan-in-baden-wuerttemberg.de\/djg2018\/#website","url":"https:\/\/japan-in-baden-wuerttemberg.de\/djg2018\/","name":"DJG BW | Deutsch-Japanische Gesellschaft Baden-W\u00fcrttemberg e.V.","description":"","publisher":{"@id":"https:\/\/japan-in-baden-wuerttemberg.de\/djg2018\/#organization"},"potentialAction":[{"@type":"SearchAction","target":{"@type":"EntryPoint","urlTemplate":"https:\/\/japan-in-baden-wuerttemberg.de\/djg2018\/?s={search_term_string}"},"query-input":{"@type":"PropertyValueSpecification","valueRequired":true,"valueName":"search_term_string"}}],"inLanguage":"de"},{"@type":"Organization","@id":"https:\/\/japan-in-baden-wuerttemberg.de\/djg2018\/#organization","name":"Deutsch-Japanische Gesellschaft Baden-W\u00fcrttemberg e.V.","url":"https:\/\/japan-in-baden-wuerttemberg.de\/djg2018\/","logo":{"@type":"ImageObject","inLanguage":"de","@id":"https:\/\/japan-in-baden-wuerttemberg.de\/djg2018\/#\/schema\/logo\/image\/","url":"https:\/\/japan-in-baden-wuerttemberg.de\/djg2018\/wp-content\/uploads\/2018\/12\/djg_bw_logo2.jpg","contentUrl":"https:\/\/japan-in-baden-wuerttemberg.de\/djg2018\/wp-content\/uploads\/2018\/12\/djg_bw_logo2.jpg","width":708,"height":200,"caption":"Deutsch-Japanische Gesellschaft Baden-W\u00fcrttemberg e.V."},"image":{"@id":"https:\/\/japan-in-baden-wuerttemberg.de\/djg2018\/#\/schema\/logo\/image\/"}}]}},"_links":{"self":[{"href":"https:\/\/japan-in-baden-wuerttemberg.de\/djg2018\/wp-json\/wp\/v2\/tribe_events\/14863","targetHints":{"allow":["GET"]}}],"collection":[{"href":"https:\/\/japan-in-baden-wuerttemberg.de\/djg2018\/wp-json\/wp\/v2\/tribe_events"}],"about":[{"href":"https:\/\/japan-in-baden-wuerttemberg.de\/djg2018\/wp-json\/wp\/v2\/types\/tribe_events"}],"author":[{"embeddable":true,"href":"https:\/\/japan-in-baden-wuerttemberg.de\/djg2018\/wp-json\/wp\/v2\/users\/1"}],"version-history":[{"count":0,"href":"https:\/\/japan-in-baden-wuerttemberg.de\/djg2018\/wp-json\/wp\/v2\/tribe_events\/14863\/revisions"}],"wp:featuredmedia":[{"embeddable":true,"href":"https:\/\/japan-in-baden-wuerttemberg.de\/djg2018\/wp-json\/wp\/v2\/media\/14849"}],"wp:attachment":[{"href":"https:\/\/japan-in-baden-wuerttemberg.de\/djg2018\/wp-json\/wp\/v2\/media?parent=14863"}],"wp:term":[{"taxonomy":"post_tag","embeddable":true,"href":"https:\/\/japan-in-baden-wuerttemberg.de\/djg2018\/wp-json\/wp\/v2\/tags?post=14863"},{"taxonomy":"tribe_events_cat","embeddable":true,"href":"https:\/\/japan-in-baden-wuerttemberg.de\/djg2018\/wp-json\/wp\/v2\/tribe_events_cat?post=14863"}],"curies":[{"name":"wp","href":"https:\/\/api.w.org\/{rel}","templated":true}]}}