{"id":14280,"date":"2026-03-13T16:40:24","date_gmt":"2026-03-13T15:40:24","guid":{"rendered":"https:\/\/japan-in-baden-wuerttemberg.de\/djg2018\/?post_type=tribe_events&#038;p=14280"},"modified":"2026-03-13T16:40:24","modified_gmt":"2026-03-13T15:40:24","slug":"vortrag-mit-herbert-schaffert-zum-thema-die-welt-der-kleinen-baeume-bonsai-%e7%9b%86%e6%a0%bd","status":"publish","type":"tribe_events","link":"https:\/\/japan-in-baden-wuerttemberg.de\/djg2018\/event\/vortrag-mit-herbert-schaffert-zum-thema-die-welt-der-kleinen-baeume-bonsai-%e7%9b%86%e6%a0%bd\/","title":{"rendered":"Vortrag mit Herbert Schaffert zum Thema \u201eDie Welt der kleinen B\u00e4ume \u2013 Bonsai \u76c6\u683d\u201c"},"content":{"rendered":"<p><strong>Wann?<\/strong><br \/>\nFreitag, 27. M\u00e4rz 2026<\/p>\n<p><strong>Wo?<\/strong><br \/>\nB\u00fcrgerzentrum Stuttgart West, SOPHIE-KNOSP-RAUM, Bebelstr. 22, 70193 Stuttgart<\/p>\n<p><strong>Beginn?<\/strong><br \/>\n19:00 Uhr<\/p>\n<p><strong>Kosten?<\/strong><br \/>\nEintritt frei, Spenden erbeten<\/p>\n<p><strong>Beschreibung<br \/>\n<\/strong>Bonsai-Experte Herbert Schaffert, dessen Passion f\u00fcr die Welt der kleinen B\u00e4ume durch ein Geschenk seiner Frau geweckt wurde, wird uns die Poesie der Sch\u00f6nheit, die diesen in T\u00f6pfen oder Schalen eingepflanzten kleinen B\u00e4umen innewohnt, erl\u00e4utern und auch ganz konkret \u00fcber deren Kultivierung sprechen. Anhand von Beispielen aus seinen eigenen Best\u00e4nden zeigt er auf, welche \u00e4sthetischen Vorstellungen sich hinter den Bonsai \u76c6\u683d verbergen und nach welchen Kriterien und mit welchen Mitteln ein kleiner Baum in die passende Form gebracht wird. Bonsai-Experte Herbert Schaffert ist Vorsitzender des Bonsai-Arbeitskreises Stuttgart-Ludwigsburg, der Mitglied im Bonsai-Club Deutschland e.V. ist. Au\u00dferdem betreibt er die Feine Bonsai Manufaktur. Schaffert besch\u00e4ftigt sich seit vielen Jahren mit der Kultivierung von Bonsai, seit 2016 ist er bei Udo Fischer, Artdesign Bonsaischule in Bammental, in Ausbildung zum Bonsai-Gestalter und Bonsai-Lehrer.<\/p>\n<p><span style=\"font-size: 10pt;\"><em><strong>Foto:<\/strong> Bonsai_Herbert Schaffert<\/em><\/span><\/p>\n","protected":false},"excerpt":{"rendered":"<p>Herbert Schaffert besch\u00e4ftigt sich seit vielen Jahren mit der Kultivierung von Bonsai.<\/p>\n","protected":false},"author":1,"featured_media":14275,"template":"","meta":{"_et_pb_use_builder":"","_et_pb_old_content":"","_et_gb_content_width":"","_tribe_events_status":"","_tribe_events_status_reason":"","footnotes":""},"tags":[140,29],"tribe_events_cat":[21],"class_list":["post-14280","tribe_events","type-tribe_events","status-publish","has-post-thumbnail","hentry","tag-bonsai","tag-vortrag","tribe_events_cat-vortrag","cat_vortrag"],"yoast_head":"<!-- This site is optimized with the Yoast SEO plugin v27.5 - https:\/\/yoast.com\/product\/yoast-seo-wordpress\/ -->\n<title>Vortrag mit Herbert Schaffert zum Thema \u201eDie Welt der kleinen B\u00e4ume \u2013 Bonsai \u76c6\u683d\u201c - DJG BW | Deutsch-Japanische Gesellschaft Baden-W\u00fcrttemberg e.V.<\/title>\n<meta name=\"robots\" content=\"index, follow, max-snippet:-1, max-image-preview:large, max-video-preview:-1\" \/>\n<link rel=\"canonical\" href=\"https:\/\/japan-in-baden-wuerttemberg.de\/djg2018\/event\/vortrag-mit-herbert-schaffert-zum-thema-die-welt-der-kleinen-baeume-bonsai-\u76c6\u683d\/\" \/>\n<meta property=\"og:locale\" content=\"de_DE\" \/>\n<meta property=\"og:type\" content=\"article\" \/>\n<meta property=\"og:title\" content=\"Vortrag mit Herbert Schaffert zum Thema \u201eDie Welt der kleinen B\u00e4ume \u2013 Bonsai \u76c6\u683d\u201c - DJG BW | Deutsch-Japanische Gesellschaft Baden-W\u00fcrttemberg e.V.\" \/>\n<meta property=\"og:description\" content=\"Herbert Schaffert besch\u00e4ftigt sich seit vielen Jahren mit der Kultivierung von Bonsai.\" \/>\n<meta property=\"og:url\" content=\"https:\/\/japan-in-baden-wuerttemberg.de\/djg2018\/event\/vortrag-mit-herbert-schaffert-zum-thema-die-welt-der-kleinen-baeume-bonsai-\u76c6\u683d\/\" \/>\n<meta property=\"og:site_name\" content=\"DJG BW | Deutsch-Japanische Gesellschaft Baden-W\u00fcrttemberg e.V.\" \/>\n<meta property=\"og:image\" content=\"https:\/\/japan-in-baden-wuerttemberg.de\/djg2018\/wp-content\/uploads\/2026\/03\/Bonsai_Herbert-Schaffert-2_.jpg\" \/>\n\t<meta property=\"og:image:width\" content=\"1898\" \/>\n\t<meta property=\"og:image:height\" content=\"1068\" \/>\n\t<meta property=\"og:image:type\" content=\"image\/jpeg\" \/>\n<meta name=\"twitter:card\" content=\"summary_large_image\" \/>\n<meta name=\"twitter:label1\" content=\"Gesch\u00e4tzte Lesezeit\" \/>\n\t<meta name=\"twitter:data1\" content=\"2\u00a0Minuten\" \/>\n<script type=\"application\/ld+json\" class=\"yoast-schema-graph\">{\"@context\":\"https:\\\/\\\/schema.org\",\"@graph\":[{\"@type\":\"WebPage\",\"@id\":\"https:\\\/\\\/japan-in-baden-wuerttemberg.de\\\/djg2018\\\/event\\\/vortrag-mit-herbert-schaffert-zum-thema-die-welt-der-kleinen-baeume-bonsai-%e7%9b%86%e6%a0%bd\\\/\",\"url\":\"https:\\\/\\\/japan-in-baden-wuerttemberg.de\\\/djg2018\\\/event\\\/vortrag-mit-herbert-schaffert-zum-thema-die-welt-der-kleinen-baeume-bonsai-%e7%9b%86%e6%a0%bd\\\/\",\"name\":\"Vortrag mit Herbert Schaffert zum Thema \u201eDie Welt der kleinen B\u00e4ume \u2013 Bonsai \u76c6\u683d\u201c - DJG BW | Deutsch-Japanische Gesellschaft Baden-W\u00fcrttemberg e.V.\",\"isPartOf\":{\"@id\":\"https:\\\/\\\/japan-in-baden-wuerttemberg.de\\\/djg2018\\\/#website\"},\"primaryImageOfPage\":{\"@id\":\"https:\\\/\\\/japan-in-baden-wuerttemberg.de\\\/djg2018\\\/event\\\/vortrag-mit-herbert-schaffert-zum-thema-die-welt-der-kleinen-baeume-bonsai-%e7%9b%86%e6%a0%bd\\\/#primaryimage\"},\"image\":{\"@id\":\"https:\\\/\\\/japan-in-baden-wuerttemberg.de\\\/djg2018\\\/event\\\/vortrag-mit-herbert-schaffert-zum-thema-die-welt-der-kleinen-baeume-bonsai-%e7%9b%86%e6%a0%bd\\\/#primaryimage\"},\"thumbnailUrl\":\"https:\\\/\\\/japan-in-baden-wuerttemberg.de\\\/djg2018\\\/wp-content\\\/uploads\\\/2026\\\/03\\\/Bonsai_Herbert-Schaffert-2_.jpg\",\"datePublished\":\"2026-03-13T15:40:24+00:00\",\"breadcrumb\":{\"@id\":\"https:\\\/\\\/japan-in-baden-wuerttemberg.de\\\/djg2018\\\/event\\\/vortrag-mit-herbert-schaffert-zum-thema-die-welt-der-kleinen-baeume-bonsai-%e7%9b%86%e6%a0%bd\\\/#breadcrumb\"},\"inLanguage\":\"de\",\"potentialAction\":[{\"@type\":\"ReadAction\",\"target\":[\"https:\\\/\\\/japan-in-baden-wuerttemberg.de\\\/djg2018\\\/event\\\/vortrag-mit-herbert-schaffert-zum-thema-die-welt-der-kleinen-baeume-bonsai-%e7%9b%86%e6%a0%bd\\\/\"]}]},{\"@type\":\"ImageObject\",\"inLanguage\":\"de\",\"@id\":\"https:\\\/\\\/japan-in-baden-wuerttemberg.de\\\/djg2018\\\/event\\\/vortrag-mit-herbert-schaffert-zum-thema-die-welt-der-kleinen-baeume-bonsai-%e7%9b%86%e6%a0%bd\\\/#primaryimage\",\"url\":\"https:\\\/\\\/japan-in-baden-wuerttemberg.de\\\/djg2018\\\/wp-content\\\/uploads\\\/2026\\\/03\\\/Bonsai_Herbert-Schaffert-2_.jpg\",\"contentUrl\":\"https:\\\/\\\/japan-in-baden-wuerttemberg.de\\\/djg2018\\\/wp-content\\\/uploads\\\/2026\\\/03\\\/Bonsai_Herbert-Schaffert-2_.jpg\",\"width\":1898,\"height\":1068},{\"@type\":\"BreadcrumbList\",\"@id\":\"https:\\\/\\\/japan-in-baden-wuerttemberg.de\\\/djg2018\\\/event\\\/vortrag-mit-herbert-schaffert-zum-thema-die-welt-der-kleinen-baeume-bonsai-%e7%9b%86%e6%a0%bd\\\/#breadcrumb\",\"itemListElement\":[{\"@type\":\"ListItem\",\"position\":1,\"name\":\"Startseite\",\"item\":\"https:\\\/\\\/japan-in-baden-wuerttemberg.de\\\/djg2018\\\/\"},{\"@type\":\"ListItem\",\"position\":2,\"name\":\"Veranstaltungen\",\"item\":\"https:\\\/\\\/japan-in-baden-wuerttemberg.de\\\/djg2018\\\/events\\\/\"},{\"@type\":\"ListItem\",\"position\":3,\"name\":\"Vortrag mit Herbert Schaffert zum Thema \u201eDie Welt der kleinen B\u00e4ume \u2013 Bonsai \u76c6\u683d\u201c\"}]},{\"@type\":\"WebSite\",\"@id\":\"https:\\\/\\\/japan-in-baden-wuerttemberg.de\\\/djg2018\\\/#website\",\"url\":\"https:\\\/\\\/japan-in-baden-wuerttemberg.de\\\/djg2018\\\/\",\"name\":\"DJG BW | Deutsch-Japanische Gesellschaft Baden-W\u00fcrttemberg e.V.\",\"description\":\"\",\"publisher\":{\"@id\":\"https:\\\/\\\/japan-in-baden-wuerttemberg.de\\\/djg2018\\\/#organization\"},\"potentialAction\":[{\"@type\":\"SearchAction\",\"target\":{\"@type\":\"EntryPoint\",\"urlTemplate\":\"https:\\\/\\\/japan-in-baden-wuerttemberg.de\\\/djg2018\\\/?s={search_term_string}\"},\"query-input\":{\"@type\":\"PropertyValueSpecification\",\"valueRequired\":true,\"valueName\":\"search_term_string\"}}],\"inLanguage\":\"de\"},{\"@type\":\"Organization\",\"@id\":\"https:\\\/\\\/japan-in-baden-wuerttemberg.de\\\/djg2018\\\/#organization\",\"name\":\"Deutsch-Japanische Gesellschaft Baden-W\u00fcrttemberg e.V.\",\"url\":\"https:\\\/\\\/japan-in-baden-wuerttemberg.de\\\/djg2018\\\/\",\"logo\":{\"@type\":\"ImageObject\",\"inLanguage\":\"de\",\"@id\":\"https:\\\/\\\/japan-in-baden-wuerttemberg.de\\\/djg2018\\\/#\\\/schema\\\/logo\\\/image\\\/\",\"url\":\"https:\\\/\\\/japan-in-baden-wuerttemberg.de\\\/djg2018\\\/wp-content\\\/uploads\\\/2018\\\/12\\\/djg_bw_logo2.jpg\",\"contentUrl\":\"https:\\\/\\\/japan-in-baden-wuerttemberg.de\\\/djg2018\\\/wp-content\\\/uploads\\\/2018\\\/12\\\/djg_bw_logo2.jpg\",\"width\":708,\"height\":200,\"caption\":\"Deutsch-Japanische Gesellschaft Baden-W\u00fcrttemberg e.V.\"},\"image\":{\"@id\":\"https:\\\/\\\/japan-in-baden-wuerttemberg.de\\\/djg2018\\\/#\\\/schema\\\/logo\\\/image\\\/\"}}]}<\/script>\n<!-- \/ Yoast SEO plugin. -->","yoast_head_json":{"title":"Vortrag mit Herbert Schaffert zum Thema \u201eDie Welt der kleinen B\u00e4ume \u2013 Bonsai \u76c6\u683d\u201c - DJG BW | Deutsch-Japanische Gesellschaft Baden-W\u00fcrttemberg e.V.","robots":{"index":"index","follow":"follow","max-snippet":"max-snippet:-1","max-image-preview":"max-image-preview:large","max-video-preview":"max-video-preview:-1"},"canonical":"https:\/\/japan-in-baden-wuerttemberg.de\/djg2018\/event\/vortrag-mit-herbert-schaffert-zum-thema-die-welt-der-kleinen-baeume-bonsai-\u76c6\u683d\/","og_locale":"de_DE","og_type":"article","og_title":"Vortrag mit Herbert Schaffert zum Thema \u201eDie Welt der kleinen B\u00e4ume \u2013 Bonsai \u76c6\u683d\u201c - DJG BW | Deutsch-Japanische Gesellschaft Baden-W\u00fcrttemberg e.V.","og_description":"Herbert Schaffert besch\u00e4ftigt sich seit vielen Jahren mit der Kultivierung von Bonsai.","og_url":"https:\/\/japan-in-baden-wuerttemberg.de\/djg2018\/event\/vortrag-mit-herbert-schaffert-zum-thema-die-welt-der-kleinen-baeume-bonsai-\u76c6\u683d\/","og_site_name":"DJG BW | Deutsch-Japanische Gesellschaft Baden-W\u00fcrttemberg e.V.","og_image":[{"width":1898,"height":1068,"url":"https:\/\/japan-in-baden-wuerttemberg.de\/djg2018\/wp-content\/uploads\/2026\/03\/Bonsai_Herbert-Schaffert-2_.jpg","type":"image\/jpeg"}],"twitter_card":"summary_large_image","twitter_misc":{"Gesch\u00e4tzte Lesezeit":"2\u00a0Minuten"},"schema":{"@context":"https:\/\/schema.org","@graph":[{"@type":"WebPage","@id":"https:\/\/japan-in-baden-wuerttemberg.de\/djg2018\/event\/vortrag-mit-herbert-schaffert-zum-thema-die-welt-der-kleinen-baeume-bonsai-%e7%9b%86%e6%a0%bd\/","url":"https:\/\/japan-in-baden-wuerttemberg.de\/djg2018\/event\/vortrag-mit-herbert-schaffert-zum-thema-die-welt-der-kleinen-baeume-bonsai-%e7%9b%86%e6%a0%bd\/","name":"Vortrag mit Herbert Schaffert zum Thema \u201eDie Welt der kleinen B\u00e4ume \u2013 Bonsai \u76c6\u683d\u201c - DJG BW | Deutsch-Japanische Gesellschaft Baden-W\u00fcrttemberg e.V.","isPartOf":{"@id":"https:\/\/japan-in-baden-wuerttemberg.de\/djg2018\/#website"},"primaryImageOfPage":{"@id":"https:\/\/japan-in-baden-wuerttemberg.de\/djg2018\/event\/vortrag-mit-herbert-schaffert-zum-thema-die-welt-der-kleinen-baeume-bonsai-%e7%9b%86%e6%a0%bd\/#primaryimage"},"image":{"@id":"https:\/\/japan-in-baden-wuerttemberg.de\/djg2018\/event\/vortrag-mit-herbert-schaffert-zum-thema-die-welt-der-kleinen-baeume-bonsai-%e7%9b%86%e6%a0%bd\/#primaryimage"},"thumbnailUrl":"https:\/\/japan-in-baden-wuerttemberg.de\/djg2018\/wp-content\/uploads\/2026\/03\/Bonsai_Herbert-Schaffert-2_.jpg","datePublished":"2026-03-13T15:40:24+00:00","breadcrumb":{"@id":"https:\/\/japan-in-baden-wuerttemberg.de\/djg2018\/event\/vortrag-mit-herbert-schaffert-zum-thema-die-welt-der-kleinen-baeume-bonsai-%e7%9b%86%e6%a0%bd\/#breadcrumb"},"inLanguage":"de","potentialAction":[{"@type":"ReadAction","target":["https:\/\/japan-in-baden-wuerttemberg.de\/djg2018\/event\/vortrag-mit-herbert-schaffert-zum-thema-die-welt-der-kleinen-baeume-bonsai-%e7%9b%86%e6%a0%bd\/"]}]},{"@type":"ImageObject","inLanguage":"de","@id":"https:\/\/japan-in-baden-wuerttemberg.de\/djg2018\/event\/vortrag-mit-herbert-schaffert-zum-thema-die-welt-der-kleinen-baeume-bonsai-%e7%9b%86%e6%a0%bd\/#primaryimage","url":"https:\/\/japan-in-baden-wuerttemberg.de\/djg2018\/wp-content\/uploads\/2026\/03\/Bonsai_Herbert-Schaffert-2_.jpg","contentUrl":"https:\/\/japan-in-baden-wuerttemberg.de\/djg2018\/wp-content\/uploads\/2026\/03\/Bonsai_Herbert-Schaffert-2_.jpg","width":1898,"height":1068},{"@type":"BreadcrumbList","@id":"https:\/\/japan-in-baden-wuerttemberg.de\/djg2018\/event\/vortrag-mit-herbert-schaffert-zum-thema-die-welt-der-kleinen-baeume-bonsai-%e7%9b%86%e6%a0%bd\/#breadcrumb","itemListElement":[{"@type":"ListItem","position":1,"name":"Startseite","item":"https:\/\/japan-in-baden-wuerttemberg.de\/djg2018\/"},{"@type":"ListItem","position":2,"name":"Veranstaltungen","item":"https:\/\/japan-in-baden-wuerttemberg.de\/djg2018\/events\/"},{"@type":"ListItem","position":3,"name":"Vortrag mit Herbert Schaffert zum Thema \u201eDie Welt der kleinen B\u00e4ume \u2013 Bonsai \u76c6\u683d\u201c"}]},{"@type":"WebSite","@id":"https:\/\/japan-in-baden-wuerttemberg.de\/djg2018\/#website","url":"https:\/\/japan-in-baden-wuerttemberg.de\/djg2018\/","name":"DJG BW | Deutsch-Japanische Gesellschaft Baden-W\u00fcrttemberg e.V.","description":"","publisher":{"@id":"https:\/\/japan-in-baden-wuerttemberg.de\/djg2018\/#organization"},"potentialAction":[{"@type":"SearchAction","target":{"@type":"EntryPoint","urlTemplate":"https:\/\/japan-in-baden-wuerttemberg.de\/djg2018\/?s={search_term_string}"},"query-input":{"@type":"PropertyValueSpecification","valueRequired":true,"valueName":"search_term_string"}}],"inLanguage":"de"},{"@type":"Organization","@id":"https:\/\/japan-in-baden-wuerttemberg.de\/djg2018\/#organization","name":"Deutsch-Japanische Gesellschaft Baden-W\u00fcrttemberg e.V.","url":"https:\/\/japan-in-baden-wuerttemberg.de\/djg2018\/","logo":{"@type":"ImageObject","inLanguage":"de","@id":"https:\/\/japan-in-baden-wuerttemberg.de\/djg2018\/#\/schema\/logo\/image\/","url":"https:\/\/japan-in-baden-wuerttemberg.de\/djg2018\/wp-content\/uploads\/2018\/12\/djg_bw_logo2.jpg","contentUrl":"https:\/\/japan-in-baden-wuerttemberg.de\/djg2018\/wp-content\/uploads\/2018\/12\/djg_bw_logo2.jpg","width":708,"height":200,"caption":"Deutsch-Japanische Gesellschaft Baden-W\u00fcrttemberg e.V."},"image":{"@id":"https:\/\/japan-in-baden-wuerttemberg.de\/djg2018\/#\/schema\/logo\/image\/"}}]}},"_links":{"self":[{"href":"https:\/\/japan-in-baden-wuerttemberg.de\/djg2018\/wp-json\/wp\/v2\/tribe_events\/14280","targetHints":{"allow":["GET"]}}],"collection":[{"href":"https:\/\/japan-in-baden-wuerttemberg.de\/djg2018\/wp-json\/wp\/v2\/tribe_events"}],"about":[{"href":"https:\/\/japan-in-baden-wuerttemberg.de\/djg2018\/wp-json\/wp\/v2\/types\/tribe_events"}],"author":[{"embeddable":true,"href":"https:\/\/japan-in-baden-wuerttemberg.de\/djg2018\/wp-json\/wp\/v2\/users\/1"}],"version-history":[{"count":0,"href":"https:\/\/japan-in-baden-wuerttemberg.de\/djg2018\/wp-json\/wp\/v2\/tribe_events\/14280\/revisions"}],"wp:featuredmedia":[{"embeddable":true,"href":"https:\/\/japan-in-baden-wuerttemberg.de\/djg2018\/wp-json\/wp\/v2\/media\/14275"}],"wp:attachment":[{"href":"https:\/\/japan-in-baden-wuerttemberg.de\/djg2018\/wp-json\/wp\/v2\/media?parent=14280"}],"wp:term":[{"taxonomy":"post_tag","embeddable":true,"href":"https:\/\/japan-in-baden-wuerttemberg.de\/djg2018\/wp-json\/wp\/v2\/tags?post=14280"},{"taxonomy":"tribe_events_cat","embeddable":true,"href":"https:\/\/japan-in-baden-wuerttemberg.de\/djg2018\/wp-json\/wp\/v2\/tribe_events_cat?post=14280"}],"curies":[{"name":"wp","href":"https:\/\/api.w.org\/{rel}","templated":true}]}}