{"id":13341,"date":"2025-12-12T17:57:33","date_gmt":"2025-12-12T16:57:33","guid":{"rendered":"https:\/\/japan-in-baden-wuerttemberg.de\/djg2018\/?post_type=tribe_events&#038;p=13341"},"modified":"2026-01-19T09:20:22","modified_gmt":"2026-01-19T08:20:22","slug":"einladung-japanisches-neujahrsfest-%e6%96%b0%e5%b9%b4%e4%bc%9a-der-djg-bw-mit-kan-%e7%92%b0-compassion-arts","status":"publish","type":"tribe_events","link":"https:\/\/japan-in-baden-wuerttemberg.de\/djg2018\/event\/einladung-japanisches-neujahrsfest-%e6%96%b0%e5%b9%b4%e4%bc%9a-der-djg-bw-mit-kan-%e7%92%b0-compassion-arts\/","title":{"rendered":"Einladung: Japanisches Neujahrsfest \u65b0\u5e74\u4f1a  der DJG-BW mit KAN \u74b0 Compassion Arts"},"content":{"rendered":"<p><strong>Einladung: Japanisches Neujahrsfest \u65b0\u5e74\u4f1a der DJG-BW mit KAN \u74b0 Compassion Arts \u2013 Sibylle Duhm-Arnaudov, Videoperformance, Prof. Cornelis Witthoefft, musikalische Leitung, Masato Ariyoshi \u6709\u5409 \u5c06\u4eba, Bass-Bariton<\/strong><\/p>\n<p><strong>ZEITEN DES UMBRUCHS! ALS ERWIN BAELZ NACH JAPAN KAM UND AUF KAWANABE KY\u014cSAI TRAF&#8230;<\/strong><\/p>\n<p><strong>Wann?<br \/>\n<\/strong>Samstag, 07.02.2026, Beginn 18:00 Uhr, Ende gegen 21:15 Uhr<\/p>\n<p><strong>Wo?<br \/>\n<\/strong>Literaturhaus Stuttgart, Breitscheidstra\u00dfe 4, 70174 Stuttgart<\/p>\n<p><strong>Kosten?<br \/>\n<\/strong>20,- \u20ac f\u00fcr Nicht-Mitglieder<br \/>\n10,- \u20ac f\u00fcr DJG-BW-Mitglieder und Studenten<\/p>\n<p><strong>Voranmeldung \/ Kartenkauf<br \/>\n<\/strong>Wir bitten um verbindliche Kartenreservierung bis zum 21.01.2026 unter <a href=\"mailto:juergen.germann@djg-bw.de\">juergen.germann@djg-bw.de<\/a><br \/>\nDie vorbestellten Karten werden ab 17:15 Uhr an der Abendkasse verkauft<\/p>\n<p><strong>Beschreibung<\/strong><\/p>\n<p>Die Deutsch-Japanische Gesellschaft Baden-W\u00fcrttemberg l\u00e4dt Mitglieder und Nichtmitglieder zum japanischen Neujahrsfest Shinnenkai \u65b0\u5e74\u4f1a\u3000sehr herzlich ein.<\/p>\n<p>Die musikalische Videoperformance mit KAN \u74b0Compassion Arts steht unter dem Motto<\/p>\n<p><strong>&#8222;ZEITEN DES UMBRUCHS! ALS ERWIN BAELZ NACH JAPAN KAM UND AUF KAWANABE KY\u014cSAI TRAF&#8230;&#8220;<\/strong><\/p>\n<p>Vor 150 Jahren, im Juni des Jahres 1876, landete Erwin Baelz (1849-1913) im Hafen von Yokohama, um eine zweij\u00e4hrige Lehrt\u00e4tigkeit an der Medizinschule in Tokyo aufzunehmen. Schon bald zeichnete sich die Verl\u00e4ngerung seines Aufenthaltes ab \u2013 er hatte Freude an seiner T\u00e4tigkeit, ihm gefielen Land und Leute, sein Vertrag wurde verl\u00e4ngert und schon bald pflegte er zu K\u00fcnstlern seines Gastlandes enge Verbindungen. Baelz begann, umfangreiche Sammlungen von Textilien, Schwertern, Tuschmalereien, Holzschnitten, Lackwaren und Keramiken zusammenzutragen. Ein zeitgen\u00f6ssischer Maler, der auch als Illustrator und Designer t\u00e4tig war, wuchs ihm besonders ans Herz: Kawanabe Ky\u014dsai \u6cb3\u934b\u6681\u658e\u3000(1831-1889). Ihn bewunderte Baelz wegen seiner \u00fcberbordenden Phantasie, Spontaneit\u00e4t, Pinselgewalt, hielt ihn f\u00fcr den genialsten zeitgen\u00f6ssischen bildenden K\u00fcnstler Japans.<\/p>\n<p>KAN \u74b0Compassion Arts, bestehend aus der Malerin und Konzeptk\u00fcnstlerin <strong>Sibylle Duhm-Arnaudov<\/strong>, <strong>Cornelis Witthoefft<\/strong>, <strong>Klavier<\/strong>, und <strong>Masato Ariyoshi \u6709\u5409 \u5c06\u4eba<\/strong>, <strong>Bass-<\/strong><strong>Bariton<\/strong>, werden in einer musikalischen Videoperformance dieses besondere Verh\u00e4ltnis n\u00e4her beleuchten und Sie mitnehmen auf eine Reise durch die Zeiten des Umbruchs, als sich Japan vollst\u00e4ndig in einen modernen Staat verwandelte.<\/p>\n<p>Im Anschluss laden wir Sie zum gem\u00fctlichen Beisammensein mit Sushi und Getr\u00e4nken ein.<\/p>\n<p><strong>Anfahrt<br \/>\n<\/strong>Mit \u00f6ffentlichen Verkehrsmitteln: Haltestellen Berliner Platz \/ Hohe Stra\u00dfe<br \/>\nParkh\u00e4user in der Umgebung: Liederhalle\/Bosch Areal, Tivoli, Schlossstra\u00dfe, Holzgartenstra\u00dfe und Hofdienergarage<\/p>\n<p><span style=\"font-size: 10pt;\"><strong>Bildrechte<\/strong><\/span><br \/>\n<span style=\"font-size: 10pt;\">Sibylle Duhm-Arnaudov_DJG Baden-W\u00fcrttemberg<\/span><\/p>\n","protected":false},"excerpt":{"rendered":"<p>Einladung: Japanisches Neujahrsfest \u65b0\u5e74\u4f1a  der DJG-BW mit KAN \u74b0 Compassion Arts<\/p>\n","protected":false},"author":1,"featured_media":13328,"template":"","meta":{"_et_pb_use_builder":"","_et_pb_old_content":"","_et_gb_content_width":"","_tribe_events_status":"","_tribe_events_status_reason":"","footnotes":""},"tags":[78,67],"tribe_events_cat":[20],"class_list":["post-13341","tribe_events","type-tribe_events","status-publish","has-post-thumbnail","hentry","tag-einladung","tag-shinnenkai","tribe_events_cat-shinnenkai","cat_shinnenkai"],"yoast_head":"<!-- This site is optimized with the Yoast SEO plugin v27.5 - https:\/\/yoast.com\/product\/yoast-seo-wordpress\/ -->\n<title>Einladung: Japanisches Neujahrsfest \u65b0\u5e74\u4f1a der DJG-BW mit KAN \u74b0 Compassion Arts - DJG BW | Deutsch-Japanische Gesellschaft Baden-W\u00fcrttemberg e.V.<\/title>\n<meta name=\"robots\" content=\"index, follow, max-snippet:-1, max-image-preview:large, max-video-preview:-1\" \/>\n<link rel=\"canonical\" href=\"https:\/\/japan-in-baden-wuerttemberg.de\/djg2018\/event\/einladung-japanisches-neujahrsfest-\u65b0\u5e74\u4f1a-der-djg-bw-mit-kan-\u74b0-compassion-arts\/\" \/>\n<meta property=\"og:locale\" content=\"de_DE\" \/>\n<meta property=\"og:type\" content=\"article\" \/>\n<meta property=\"og:title\" content=\"Einladung: Japanisches Neujahrsfest \u65b0\u5e74\u4f1a der DJG-BW mit KAN \u74b0 Compassion Arts - DJG BW | Deutsch-Japanische Gesellschaft Baden-W\u00fcrttemberg e.V.\" \/>\n<meta property=\"og:description\" content=\"Einladung: Japanisches Neujahrsfest \u65b0\u5e74\u4f1a der DJG-BW mit KAN \u74b0 Compassion Arts\" \/>\n<meta property=\"og:url\" content=\"https:\/\/japan-in-baden-wuerttemberg.de\/djg2018\/event\/einladung-japanisches-neujahrsfest-\u65b0\u5e74\u4f1a-der-djg-bw-mit-kan-\u74b0-compassion-arts\/\" \/>\n<meta property=\"og:site_name\" content=\"DJG BW | Deutsch-Japanische Gesellschaft Baden-W\u00fcrttemberg e.V.\" \/>\n<meta property=\"article:modified_time\" content=\"2026-01-19T08:20:22+00:00\" \/>\n<meta property=\"og:image\" content=\"https:\/\/japan-in-baden-wuerttemberg.de\/djg2018\/wp-content\/uploads\/2025\/12\/Shinnenkai-2026_Teilentwurf.jpg\" \/>\n\t<meta property=\"og:image:width\" content=\"1600\" \/>\n\t<meta property=\"og:image:height\" content=\"977\" \/>\n\t<meta property=\"og:image:type\" content=\"image\/jpeg\" \/>\n<meta name=\"twitter:card\" content=\"summary_large_image\" \/>\n<meta name=\"twitter:label1\" content=\"Gesch\u00e4tzte Lesezeit\" \/>\n\t<meta name=\"twitter:data1\" content=\"2\u00a0Minuten\" \/>\n<script type=\"application\/ld+json\" class=\"yoast-schema-graph\">{\"@context\":\"https:\\\/\\\/schema.org\",\"@graph\":[{\"@type\":\"WebPage\",\"@id\":\"https:\\\/\\\/japan-in-baden-wuerttemberg.de\\\/djg2018\\\/event\\\/einladung-japanisches-neujahrsfest-%e6%96%b0%e5%b9%b4%e4%bc%9a-der-djg-bw-mit-kan-%e7%92%b0-compassion-arts\\\/\",\"url\":\"https:\\\/\\\/japan-in-baden-wuerttemberg.de\\\/djg2018\\\/event\\\/einladung-japanisches-neujahrsfest-%e6%96%b0%e5%b9%b4%e4%bc%9a-der-djg-bw-mit-kan-%e7%92%b0-compassion-arts\\\/\",\"name\":\"Einladung: Japanisches Neujahrsfest \u65b0\u5e74\u4f1a der DJG-BW mit KAN \u74b0 Compassion Arts - DJG BW | Deutsch-Japanische Gesellschaft Baden-W\u00fcrttemberg e.V.\",\"isPartOf\":{\"@id\":\"https:\\\/\\\/japan-in-baden-wuerttemberg.de\\\/djg2018\\\/#website\"},\"primaryImageOfPage\":{\"@id\":\"https:\\\/\\\/japan-in-baden-wuerttemberg.de\\\/djg2018\\\/event\\\/einladung-japanisches-neujahrsfest-%e6%96%b0%e5%b9%b4%e4%bc%9a-der-djg-bw-mit-kan-%e7%92%b0-compassion-arts\\\/#primaryimage\"},\"image\":{\"@id\":\"https:\\\/\\\/japan-in-baden-wuerttemberg.de\\\/djg2018\\\/event\\\/einladung-japanisches-neujahrsfest-%e6%96%b0%e5%b9%b4%e4%bc%9a-der-djg-bw-mit-kan-%e7%92%b0-compassion-arts\\\/#primaryimage\"},\"thumbnailUrl\":\"https:\\\/\\\/japan-in-baden-wuerttemberg.de\\\/djg2018\\\/wp-content\\\/uploads\\\/2025\\\/12\\\/Shinnenkai-2026_Teilentwurf.jpg\",\"datePublished\":\"2025-12-12T16:57:33+00:00\",\"dateModified\":\"2026-01-19T08:20:22+00:00\",\"breadcrumb\":{\"@id\":\"https:\\\/\\\/japan-in-baden-wuerttemberg.de\\\/djg2018\\\/event\\\/einladung-japanisches-neujahrsfest-%e6%96%b0%e5%b9%b4%e4%bc%9a-der-djg-bw-mit-kan-%e7%92%b0-compassion-arts\\\/#breadcrumb\"},\"inLanguage\":\"de\",\"potentialAction\":[{\"@type\":\"ReadAction\",\"target\":[\"https:\\\/\\\/japan-in-baden-wuerttemberg.de\\\/djg2018\\\/event\\\/einladung-japanisches-neujahrsfest-%e6%96%b0%e5%b9%b4%e4%bc%9a-der-djg-bw-mit-kan-%e7%92%b0-compassion-arts\\\/\"]}]},{\"@type\":\"ImageObject\",\"inLanguage\":\"de\",\"@id\":\"https:\\\/\\\/japan-in-baden-wuerttemberg.de\\\/djg2018\\\/event\\\/einladung-japanisches-neujahrsfest-%e6%96%b0%e5%b9%b4%e4%bc%9a-der-djg-bw-mit-kan-%e7%92%b0-compassion-arts\\\/#primaryimage\",\"url\":\"https:\\\/\\\/japan-in-baden-wuerttemberg.de\\\/djg2018\\\/wp-content\\\/uploads\\\/2025\\\/12\\\/Shinnenkai-2026_Teilentwurf.jpg\",\"contentUrl\":\"https:\\\/\\\/japan-in-baden-wuerttemberg.de\\\/djg2018\\\/wp-content\\\/uploads\\\/2025\\\/12\\\/Shinnenkai-2026_Teilentwurf.jpg\",\"width\":1600,\"height\":977,\"caption\":\"Shinnenkai 2026\"},{\"@type\":\"BreadcrumbList\",\"@id\":\"https:\\\/\\\/japan-in-baden-wuerttemberg.de\\\/djg2018\\\/event\\\/einladung-japanisches-neujahrsfest-%e6%96%b0%e5%b9%b4%e4%bc%9a-der-djg-bw-mit-kan-%e7%92%b0-compassion-arts\\\/#breadcrumb\",\"itemListElement\":[{\"@type\":\"ListItem\",\"position\":1,\"name\":\"Startseite\",\"item\":\"https:\\\/\\\/japan-in-baden-wuerttemberg.de\\\/djg2018\\\/\"},{\"@type\":\"ListItem\",\"position\":2,\"name\":\"Veranstaltungen\",\"item\":\"https:\\\/\\\/japan-in-baden-wuerttemberg.de\\\/djg2018\\\/events\\\/\"},{\"@type\":\"ListItem\",\"position\":3,\"name\":\"Einladung: Japanisches Neujahrsfest \u65b0\u5e74\u4f1a der DJG-BW mit KAN \u74b0 Compassion Arts\"}]},{\"@type\":\"WebSite\",\"@id\":\"https:\\\/\\\/japan-in-baden-wuerttemberg.de\\\/djg2018\\\/#website\",\"url\":\"https:\\\/\\\/japan-in-baden-wuerttemberg.de\\\/djg2018\\\/\",\"name\":\"DJG BW | Deutsch-Japanische Gesellschaft Baden-W\u00fcrttemberg e.V.\",\"description\":\"\",\"publisher\":{\"@id\":\"https:\\\/\\\/japan-in-baden-wuerttemberg.de\\\/djg2018\\\/#organization\"},\"potentialAction\":[{\"@type\":\"SearchAction\",\"target\":{\"@type\":\"EntryPoint\",\"urlTemplate\":\"https:\\\/\\\/japan-in-baden-wuerttemberg.de\\\/djg2018\\\/?s={search_term_string}\"},\"query-input\":{\"@type\":\"PropertyValueSpecification\",\"valueRequired\":true,\"valueName\":\"search_term_string\"}}],\"inLanguage\":\"de\"},{\"@type\":\"Organization\",\"@id\":\"https:\\\/\\\/japan-in-baden-wuerttemberg.de\\\/djg2018\\\/#organization\",\"name\":\"Deutsch-Japanische Gesellschaft Baden-W\u00fcrttemberg e.V.\",\"url\":\"https:\\\/\\\/japan-in-baden-wuerttemberg.de\\\/djg2018\\\/\",\"logo\":{\"@type\":\"ImageObject\",\"inLanguage\":\"de\",\"@id\":\"https:\\\/\\\/japan-in-baden-wuerttemberg.de\\\/djg2018\\\/#\\\/schema\\\/logo\\\/image\\\/\",\"url\":\"https:\\\/\\\/japan-in-baden-wuerttemberg.de\\\/djg2018\\\/wp-content\\\/uploads\\\/2018\\\/12\\\/djg_bw_logo2.jpg\",\"contentUrl\":\"https:\\\/\\\/japan-in-baden-wuerttemberg.de\\\/djg2018\\\/wp-content\\\/uploads\\\/2018\\\/12\\\/djg_bw_logo2.jpg\",\"width\":708,\"height\":200,\"caption\":\"Deutsch-Japanische Gesellschaft Baden-W\u00fcrttemberg e.V.\"},\"image\":{\"@id\":\"https:\\\/\\\/japan-in-baden-wuerttemberg.de\\\/djg2018\\\/#\\\/schema\\\/logo\\\/image\\\/\"}}]}<\/script>\n<!-- \/ Yoast SEO plugin. -->","yoast_head_json":{"title":"Einladung: Japanisches Neujahrsfest \u65b0\u5e74\u4f1a der DJG-BW mit KAN \u74b0 Compassion Arts - DJG BW | Deutsch-Japanische Gesellschaft Baden-W\u00fcrttemberg e.V.","robots":{"index":"index","follow":"follow","max-snippet":"max-snippet:-1","max-image-preview":"max-image-preview:large","max-video-preview":"max-video-preview:-1"},"canonical":"https:\/\/japan-in-baden-wuerttemberg.de\/djg2018\/event\/einladung-japanisches-neujahrsfest-\u65b0\u5e74\u4f1a-der-djg-bw-mit-kan-\u74b0-compassion-arts\/","og_locale":"de_DE","og_type":"article","og_title":"Einladung: Japanisches Neujahrsfest \u65b0\u5e74\u4f1a der DJG-BW mit KAN \u74b0 Compassion Arts - DJG BW | Deutsch-Japanische Gesellschaft Baden-W\u00fcrttemberg e.V.","og_description":"Einladung: Japanisches Neujahrsfest \u65b0\u5e74\u4f1a der DJG-BW mit KAN \u74b0 Compassion Arts","og_url":"https:\/\/japan-in-baden-wuerttemberg.de\/djg2018\/event\/einladung-japanisches-neujahrsfest-\u65b0\u5e74\u4f1a-der-djg-bw-mit-kan-\u74b0-compassion-arts\/","og_site_name":"DJG BW | Deutsch-Japanische Gesellschaft Baden-W\u00fcrttemberg e.V.","article_modified_time":"2026-01-19T08:20:22+00:00","og_image":[{"width":1600,"height":977,"url":"https:\/\/japan-in-baden-wuerttemberg.de\/djg2018\/wp-content\/uploads\/2025\/12\/Shinnenkai-2026_Teilentwurf.jpg","type":"image\/jpeg"}],"twitter_card":"summary_large_image","twitter_misc":{"Gesch\u00e4tzte Lesezeit":"2\u00a0Minuten"},"schema":{"@context":"https:\/\/schema.org","@graph":[{"@type":"WebPage","@id":"https:\/\/japan-in-baden-wuerttemberg.de\/djg2018\/event\/einladung-japanisches-neujahrsfest-%e6%96%b0%e5%b9%b4%e4%bc%9a-der-djg-bw-mit-kan-%e7%92%b0-compassion-arts\/","url":"https:\/\/japan-in-baden-wuerttemberg.de\/djg2018\/event\/einladung-japanisches-neujahrsfest-%e6%96%b0%e5%b9%b4%e4%bc%9a-der-djg-bw-mit-kan-%e7%92%b0-compassion-arts\/","name":"Einladung: Japanisches Neujahrsfest \u65b0\u5e74\u4f1a der DJG-BW mit KAN \u74b0 Compassion Arts - DJG BW | Deutsch-Japanische Gesellschaft Baden-W\u00fcrttemberg e.V.","isPartOf":{"@id":"https:\/\/japan-in-baden-wuerttemberg.de\/djg2018\/#website"},"primaryImageOfPage":{"@id":"https:\/\/japan-in-baden-wuerttemberg.de\/djg2018\/event\/einladung-japanisches-neujahrsfest-%e6%96%b0%e5%b9%b4%e4%bc%9a-der-djg-bw-mit-kan-%e7%92%b0-compassion-arts\/#primaryimage"},"image":{"@id":"https:\/\/japan-in-baden-wuerttemberg.de\/djg2018\/event\/einladung-japanisches-neujahrsfest-%e6%96%b0%e5%b9%b4%e4%bc%9a-der-djg-bw-mit-kan-%e7%92%b0-compassion-arts\/#primaryimage"},"thumbnailUrl":"https:\/\/japan-in-baden-wuerttemberg.de\/djg2018\/wp-content\/uploads\/2025\/12\/Shinnenkai-2026_Teilentwurf.jpg","datePublished":"2025-12-12T16:57:33+00:00","dateModified":"2026-01-19T08:20:22+00:00","breadcrumb":{"@id":"https:\/\/japan-in-baden-wuerttemberg.de\/djg2018\/event\/einladung-japanisches-neujahrsfest-%e6%96%b0%e5%b9%b4%e4%bc%9a-der-djg-bw-mit-kan-%e7%92%b0-compassion-arts\/#breadcrumb"},"inLanguage":"de","potentialAction":[{"@type":"ReadAction","target":["https:\/\/japan-in-baden-wuerttemberg.de\/djg2018\/event\/einladung-japanisches-neujahrsfest-%e6%96%b0%e5%b9%b4%e4%bc%9a-der-djg-bw-mit-kan-%e7%92%b0-compassion-arts\/"]}]},{"@type":"ImageObject","inLanguage":"de","@id":"https:\/\/japan-in-baden-wuerttemberg.de\/djg2018\/event\/einladung-japanisches-neujahrsfest-%e6%96%b0%e5%b9%b4%e4%bc%9a-der-djg-bw-mit-kan-%e7%92%b0-compassion-arts\/#primaryimage","url":"https:\/\/japan-in-baden-wuerttemberg.de\/djg2018\/wp-content\/uploads\/2025\/12\/Shinnenkai-2026_Teilentwurf.jpg","contentUrl":"https:\/\/japan-in-baden-wuerttemberg.de\/djg2018\/wp-content\/uploads\/2025\/12\/Shinnenkai-2026_Teilentwurf.jpg","width":1600,"height":977,"caption":"Shinnenkai 2026"},{"@type":"BreadcrumbList","@id":"https:\/\/japan-in-baden-wuerttemberg.de\/djg2018\/event\/einladung-japanisches-neujahrsfest-%e6%96%b0%e5%b9%b4%e4%bc%9a-der-djg-bw-mit-kan-%e7%92%b0-compassion-arts\/#breadcrumb","itemListElement":[{"@type":"ListItem","position":1,"name":"Startseite","item":"https:\/\/japan-in-baden-wuerttemberg.de\/djg2018\/"},{"@type":"ListItem","position":2,"name":"Veranstaltungen","item":"https:\/\/japan-in-baden-wuerttemberg.de\/djg2018\/events\/"},{"@type":"ListItem","position":3,"name":"Einladung: Japanisches Neujahrsfest \u65b0\u5e74\u4f1a der DJG-BW mit KAN \u74b0 Compassion Arts"}]},{"@type":"WebSite","@id":"https:\/\/japan-in-baden-wuerttemberg.de\/djg2018\/#website","url":"https:\/\/japan-in-baden-wuerttemberg.de\/djg2018\/","name":"DJG BW | Deutsch-Japanische Gesellschaft Baden-W\u00fcrttemberg e.V.","description":"","publisher":{"@id":"https:\/\/japan-in-baden-wuerttemberg.de\/djg2018\/#organization"},"potentialAction":[{"@type":"SearchAction","target":{"@type":"EntryPoint","urlTemplate":"https:\/\/japan-in-baden-wuerttemberg.de\/djg2018\/?s={search_term_string}"},"query-input":{"@type":"PropertyValueSpecification","valueRequired":true,"valueName":"search_term_string"}}],"inLanguage":"de"},{"@type":"Organization","@id":"https:\/\/japan-in-baden-wuerttemberg.de\/djg2018\/#organization","name":"Deutsch-Japanische Gesellschaft Baden-W\u00fcrttemberg e.V.","url":"https:\/\/japan-in-baden-wuerttemberg.de\/djg2018\/","logo":{"@type":"ImageObject","inLanguage":"de","@id":"https:\/\/japan-in-baden-wuerttemberg.de\/djg2018\/#\/schema\/logo\/image\/","url":"https:\/\/japan-in-baden-wuerttemberg.de\/djg2018\/wp-content\/uploads\/2018\/12\/djg_bw_logo2.jpg","contentUrl":"https:\/\/japan-in-baden-wuerttemberg.de\/djg2018\/wp-content\/uploads\/2018\/12\/djg_bw_logo2.jpg","width":708,"height":200,"caption":"Deutsch-Japanische Gesellschaft Baden-W\u00fcrttemberg e.V."},"image":{"@id":"https:\/\/japan-in-baden-wuerttemberg.de\/djg2018\/#\/schema\/logo\/image\/"}}]}},"_links":{"self":[{"href":"https:\/\/japan-in-baden-wuerttemberg.de\/djg2018\/wp-json\/wp\/v2\/tribe_events\/13341","targetHints":{"allow":["GET"]}}],"collection":[{"href":"https:\/\/japan-in-baden-wuerttemberg.de\/djg2018\/wp-json\/wp\/v2\/tribe_events"}],"about":[{"href":"https:\/\/japan-in-baden-wuerttemberg.de\/djg2018\/wp-json\/wp\/v2\/types\/tribe_events"}],"author":[{"embeddable":true,"href":"https:\/\/japan-in-baden-wuerttemberg.de\/djg2018\/wp-json\/wp\/v2\/users\/1"}],"version-history":[{"count":0,"href":"https:\/\/japan-in-baden-wuerttemberg.de\/djg2018\/wp-json\/wp\/v2\/tribe_events\/13341\/revisions"}],"wp:featuredmedia":[{"embeddable":true,"href":"https:\/\/japan-in-baden-wuerttemberg.de\/djg2018\/wp-json\/wp\/v2\/media\/13328"}],"wp:attachment":[{"href":"https:\/\/japan-in-baden-wuerttemberg.de\/djg2018\/wp-json\/wp\/v2\/media?parent=13341"}],"wp:term":[{"taxonomy":"post_tag","embeddable":true,"href":"https:\/\/japan-in-baden-wuerttemberg.de\/djg2018\/wp-json\/wp\/v2\/tags?post=13341"},{"taxonomy":"tribe_events_cat","embeddable":true,"href":"https:\/\/japan-in-baden-wuerttemberg.de\/djg2018\/wp-json\/wp\/v2\/tribe_events_cat?post=13341"}],"curies":[{"name":"wp","href":"https:\/\/api.w.org\/{rel}","templated":true}]}}